{"id":271,"date":"2026-08-17T14:59:53","date_gmt":"2026-08-17T12:59:53","guid":{"rendered":"https:\/\/polygraphics-crea.fr\/artisan-confort\/?page_id=271"},"modified":"2026-08-17T15:11:38","modified_gmt":"2026-08-17T13:11:38","slug":"pompe-a-chaleur","status":"publish","type":"page","link":"https:\/\/polygraphics-crea.fr\/artisan-confort\/pompe-a-chaleur\/","title":{"rendered":"Pompe \u00e0 Chaleur"},"content":{"rendered":"<p>[et_pb_section fb_built=\u00a0\u00bb1&Prime; admin_label=\u00a0\u00bbHeader\u00a0\u00bb _builder_version=\u00a0\u00bb4.27.6&Prime; _module_preset=\u00a0\u00bb072d238d-512c-40e1-8a4e-88a5177746ee\u00a0\u00bb background_image=\u00a0\u00bbhttps:\/\/polygraphics-crea.fr\/artisan-confort\/wp-content\/uploads\/2026\/08\/page_climatisation-scaled.jpg\u00a0\u00bb locked=\u00a0\u00bboff\u00a0\u00bb collapsed=\u00a0\u00bbon\u00a0\u00bb][et_pb_row _builder_version=\u00a0\u00bb4.27.4&Prime; _module_preset=\u00a0\u00bbdefault\u00a0\u00bb global_colors_info=\u00a0\u00bb{}\u00a0\u00bb][et_pb_column type=\u00a0\u00bb4_4&Prime; _builder_version=\u00a0\u00bb4.27.4&Prime; _module_preset=\u00a0\u00bbdefault\u00a0\u00bb global_colors_info=\u00a0\u00bb{}\u00a0\u00bb][et_pb_heading title=\u00a0\u00bbInstallation de pompe \u00e0 chaleur \u00e0 Lille, Douai et dans la P\u00e9v\u00e8le\u00a0\u00bb _builder_version=\u00a0\u00bb4.27.6&Prime; _module_preset=\u00a0\u00bbc1904bd7-fe23-4884-b76d-62d336d6762e\u00a0\u00bb title_text_color=\u00a0\u00bb#FFFFFF\u00a0\u00bb global_colors_info=\u00a0\u00bb{}\u00a0\u00bb][\/et_pb_heading][et_pb_text _builder_version=\u00a0\u00bb4.27.6&Prime; _module_preset=\u00a0\u00bb79ad260a-9143-40aa-8574-3a912f2a9ef6&Prime; global_colors_info=\u00a0\u00bb{}\u00a0\u00bb]<\/p>\n<p>Vous souhaitez remplacer votre chaudi\u00e8re par une pompe \u00e0 chaleur ou \u00e9quiper votre logement neuf d&rsquo;un syst\u00e8me performant et \u00e9conome en \u00e9nergie ? Artisan Confort Chaud &amp; Froid, certifi\u00e9 RGE QUALIPAC, vous accompagne \u00e0 chaque \u00e9tape de votre projet : \u00e9tude thermique, dimensionnement, installation et mise en service. Nous intervenons sur Lille, la MEL, Orchies, la P\u00e9v\u00e8le, Douai et Saint-Amand pour vous guider vers la solution la plus adapt\u00e9e \u00e0 votre habitation, en neuf comme en r\u00e9novation.<\/p>\n<p>[\/et_pb_text][et_pb_heading title=\u00a0\u00bb06 844 60 840&Prime; _builder_version=\u00a0\u00bb4.27.6&Prime; _module_preset=\u00a0\u00bb01b6f47e-3303-43b2-967f-61ddc4b78912&Prime; title_text_color=\u00a0\u00bb#FFFFFF\u00a0\u00bb global_colors_info=\u00a0\u00bb{}\u00a0\u00bb][\/et_pb_heading][et_pb_button button_url=\u00a0\u00bbmailto:contact@artisan-confort.fr\u00a0\u00bb button_text=\u00a0\u00bbDemander un devis\u00a0\u00bb _builder_version=\u00a0\u00bb4.27.6&Prime; _module_preset=\u00a0\u00bb271b948b-72ae-49b0-9755-c0580bdd3b06&Prime; global_colors_info=\u00a0\u00bb{}\u00a0\u00bb][\/et_pb_button][\/et_pb_column][\/et_pb_row][\/et_pb_section][et_pb_section fb_built=\u00a0\u00bb1&Prime; admin_label=\u00a0\u00bbFeatures\u00a0\u00bb _builder_version=\u00a0\u00bb4.27.4&Prime; _module_preset=\u00a0\u00bb8013bed2-89f4-418e-a9d0-daf3d8b3a1b4&Prime; collapsed=\u00a0\u00bbon\u00a0\u00bb global_colors_info=\u00a0\u00bb{}\u00a0\u00bb][et_pb_row _builder_version=\u00a0\u00bb4.27.6&Prime; _module_preset=\u00a0\u00bbdefault\u00a0\u00bb custom_padding=\u00a0\u00bb||80px||false|false\u00a0\u00bb global_colors_info=\u00a0\u00bb{}\u00a0\u00bb][et_pb_column type=\u00a0\u00bb4_4&Prime; _builder_version=\u00a0\u00bb4.27.4&Prime; _module_preset=\u00a0\u00bbdefault\u00a0\u00bb global_colors_info=\u00a0\u00bb{}\u00a0\u00bb][et_pb_heading title=\u00a0\u00bbNos techniciens sp\u00e9cialis\u00e9s en pompe \u00e0 chaleur\u00a0\u00bb _builder_version=\u00a0\u00bb4.27.6&Prime; _module_preset=\u00a0\u00bb189212ab-08c9-4128-8194-3f4645a2d56a\u00a0\u00bb title_text_align=\u00a0\u00bbcenter\u00a0\u00bb global_colors_info=\u00a0\u00bb{}\u00a0\u00bb][\/et_pb_heading][et_pb_text _builder_version=\u00a0\u00bb4.27.6&Prime; _module_preset=\u00a0\u00bbdefault\u00a0\u00bb text_orientation=\u00a0\u00bbcenter\u00a0\u00bb global_colors_info=\u00a0\u00bb{}\u00a0\u00bb]<\/p>\n<p>L&rsquo;\u00e9quipe de techniciens d&rsquo;Artisan Confort Chaud &amp; Froid est sp\u00e9cialis\u00e9e dans les \u00e9quipements de confort climatique. Nous prenons en charge l&rsquo;int\u00e9gralit\u00e9 de votre projet : \u00e9tude thermique de votre logement, dimensionnement pr\u00e9cis de l&rsquo;installation, pose de votre pompe \u00e0 chaleur et mise en service, avec un accompagnement personnalis\u00e9 du premier contact jusqu&rsquo;au r\u00e9glage final de votre \u00e9quipement.<\/p>\n<p>[\/et_pb_text][\/et_pb_column][\/et_pb_row][et_pb_row column_structure=\u00a0\u00bb1_2,1_2&Prime; use_custom_gutter=\u00a0\u00bbon\u00a0\u00bb _builder_version=\u00a0\u00bb4.27.6&Prime; _module_preset=\u00a0\u00bbdefault\u00a0\u00bb hover_enabled=\u00a0\u00bb0&Prime; global_colors_info=\u00a0\u00bb{}\u00a0\u00bb sticky_enabled=\u00a0\u00bb0&Prime;][et_pb_column type=\u00a0\u00bb1_2&Prime; _builder_version=\u00a0\u00bb4.27.6&Prime; _module_preset=\u00a0\u00bbdefault\u00a0\u00bb hover_enabled=\u00a0\u00bb0&Prime; global_colors_info=\u00a0\u00bb{}\u00a0\u00bb title_text=\u00a0\u00bb0_Ac_Air_3840x2160&Prime; background_video_mp4=\u00a0\u00bbhttps:\/\/polygraphics-crea.fr\/artisan-confort\/wp-content\/uploads\/2026\/08\/0_Ac_Air_3840x2160.mp4&Prime; sticky_enabled=\u00a0\u00bb0&Prime;][et_pb_divider _builder_version=\u00a0\u00bb4.27.6&Prime; _module_preset=\u00a0\u00bbdefault\u00a0\u00bb show_divider=\u00a0\u00bboff\u00a0\u00bb min_height=\u00a0\u00bb800px\u00a0\u00bb hover_enabled=\u00a0\u00bb0&Prime; sticky_enabled=\u00a0\u00bb0&Prime;][\/et_pb_divider][\/et_pb_column][et_pb_column type=\u00a0\u00bb1_2&Prime; _builder_version=\u00a0\u00bb4.27.4&Prime; _module_preset=\u00a0\u00bbdefault\u00a0\u00bb global_colors_info=\u00a0\u00bb{}\u00a0\u00bb][et_pb_heading title=\u00a0\u00bbQuelle pompe \u00e0 chaleur choisir ?\u00a0\u00bb _builder_version=\u00a0\u00bb4.27.6&Prime; _module_preset=\u00a0\u00bb189212ab-08c9-4128-8194-3f4645a2d56a\u00a0\u00bb title_text_align=\u00a0\u00bbleft\u00a0\u00bb global_colors_info=\u00a0\u00bb{}\u00a0\u00bb][\/et_pb_heading][et_pb_text _builder_version=\u00a0\u00bb4.27.6&Prime; _module_preset=\u00a0\u00bbdefault\u00a0\u00bb custom_margin=\u00a0\u00bb||50px||false|false\u00a0\u00bb global_colors_info=\u00a0\u00bb{}\u00a0\u00bb]<\/p>\n<p>Le choix d&rsquo;une pompe \u00e0 chaleur d\u00e9pend de votre logement, de votre budget et de vos objectifs de performance \u00e9nerg\u00e9tique. Nos techniciens vous conseillent parmi les solutions suivantes :<\/p>\n<p>[\/et_pb_text][et_pb_blurb title=\u00a0\u00bbPAC Air\/Eau (a\u00e9rothermie)\u00a0\u00bb use_icon=\u00a0\u00bbon\u00a0\u00bb font_icon=\u00a0\u00bb&#xf00c;||fa||900&Prime; _builder_version=\u00a0\u00bb4.27.6&Prime; _module_preset=\u00a0\u00bb6132219f-01eb-4181-95eb-3e490f4bfd63&Prime; global_colors_info=\u00a0\u00bb{}\u00a0\u00bb]<\/p>\n<p>La pompe \u00e0 chaleur air\/eau puise les calories de l&rsquo;air ext\u00e9rieur pour chauffer votre circuit de chauffage central et votre eau chaude sanitaire. C&rsquo;est la solution la plus r\u00e9pandue, adapt\u00e9e \u00e0 la majorit\u00e9 des logements en neuf comme en r\u00e9novation.<\/p>\n<p>[\/et_pb_blurb][et_pb_blurb title=\u00a0\u00bbPAC Eau\/Eau (g\u00e9othermie)\u00a0\u00bb use_icon=\u00a0\u00bbon\u00a0\u00bb font_icon=\u00a0\u00bb&#xf00c;||fa||900&Prime; _builder_version=\u00a0\u00bb4.27.6&Prime; _module_preset=\u00a0\u00bb6132219f-01eb-4181-95eb-3e490f4bfd63&Prime; global_colors_info=\u00a0\u00bb{}\u00a0\u00bb]<\/p>\n<p class=\"font-claude-response-body break-words whitespace-normal\" dir=\"ltr\" data-sourcepos=\"53:1-53:218;3113-3330\">La pompe \u00e0 chaleur eau\/eau exploite l&rsquo;\u00e9nergie puis\u00e9e dans le sol ou une nappe phr\u00e9atique. Plus stable et performante, elle n\u00e9cessite une \u00e9tude de faisabilit\u00e9 que nos techniciens r\u00e9alisent avec vous en amont du projet.<\/p>\n<p class=\"font-claude-response-body break-words whitespace-normal\" dir=\"ltr\" data-sourcepos=\"55:1-55:233;3332-3564\">Dans les deux cas, nous r\u00e9alisons une <strong>\u00e9tude thermique<\/strong> et un <strong>dimensionnement pr\u00e9cis<\/strong> de votre installation, afin de garantir la meilleure performance \u00e9nerg\u00e9tique possible, que vous soyez en construction neuve ou en r\u00e9novation.<\/p>\n<p>[\/et_pb_blurb][\/et_pb_column][\/et_pb_row][\/et_pb_section][et_pb_section fb_built=\u00a0\u00bb1&Prime; admin_label=\u00a0\u00bbServices\u00a0\u00bb _builder_version=\u00a0\u00bb4.27.4&Prime; _module_preset=\u00a0\u00bb8013bed2-89f4-418e-a9d0-daf3d8b3a1b4&Prime; collapsed=\u00a0\u00bbon\u00a0\u00bb global_colors_info=\u00a0\u00bb{}\u00a0\u00bb][et_pb_row column_structure=\u00a0\u00bb2_5,3_5&Prime; _builder_version=\u00a0\u00bb4.27.4&Prime; _module_preset=\u00a0\u00bbdefault\u00a0\u00bb global_colors_info=\u00a0\u00bb{}\u00a0\u00bb][et_pb_column type=\u00a0\u00bb2_5&Prime; _builder_version=\u00a0\u00bb4.27.4&Prime; _module_preset=\u00a0\u00bbdefault\u00a0\u00bb global_colors_info=\u00a0\u00bb{}\u00a0\u00bb][et_pb_heading title=\u00a0\u00bbLes aides financi\u00e8res pour votre pompe \u00e0 chaleur\u00a0\u00bb _builder_version=\u00a0\u00bb4.27.6&Prime; _module_preset=\u00a0\u00bb189212ab-08c9-4128-8194-3f4645a2d56a\u00a0\u00bb global_colors_info=\u00a0\u00bb{}\u00a0\u00bb][\/et_pb_heading][\/et_pb_column][et_pb_column type=\u00a0\u00bb3_5&Prime; _builder_version=\u00a0\u00bb4.27.4&Prime; _module_preset=\u00a0\u00bbdefault\u00a0\u00bb global_colors_info=\u00a0\u00bb{}\u00a0\u00bb][et_pb_text _builder_version=\u00a0\u00bb4.27.6&Prime; _module_preset=\u00a0\u00bbdefault\u00a0\u00bb global_colors_info=\u00a0\u00bb{}\u00a0\u00bb]<\/p>\n<p class=\"font-claude-response-body break-words whitespace-normal\" dir=\"ltr\" data-sourcepos=\"61:1-61:145;3629-3773\">Artisan Confort Chaud &amp; Froid est acteur de votre transition \u00e9nerg\u00e9tique et vous accompagne dans le montage de vos dossiers d&rsquo;aides financi\u00e8res.<\/p>\n<p class=\"font-claude-response-body break-words whitespace-normal\" dir=\"ltr\" data-sourcepos=\"63:1-63:67;3775-3841\">Gr\u00e2ce \u00e0 notre <strong>certification RGE QUALIPAC<\/strong>, vous \u00eates \u00e9ligible :<\/p>\n<ul dir=\"ltr\" class=\"[li_&amp;]:mb-0 [li_&amp;]:mt-1 [li_&amp;]:gap-1 [&amp;:not(:last-child)_ul]:pb-1 [&amp;:not(:last-child)_ol]:pb-1 list-disc flex flex-col gap-1 pl-8 mb-3 print:block print:space-y-1\" data-sourcepos=\"64:1-65:22;3842-3952\">\n<li class=\"font-claude-response-body whitespace-normal break-words pl-2\" data-sourcepos=\"64:1-64:89;3842-3930\">Aux <strong>Certificats d&rsquo;\u00c9conomies d&rsquo;\u00c9nergie (CEE)<\/strong>, vers\u00e9s par les fournisseurs d&rsquo;\u00e9nergie<\/li>\n<li class=\"font-claude-response-body whitespace-normal break-words pl-2\" data-sourcepos=\"65:1-65:22;3931-3952\">\u00c0 <strong>MaPrimeR\u00e9nov&rsquo;<\/strong><\/li>\n<\/ul>\n<p>[\/et_pb_text][et_pb_button button_url=\u00a0\u00bbtel:+330684460840&Prime; button_text=\u00a0\u00bbAppelez-nous pour toutes questions\u00a0\u00bb _builder_version=\u00a0\u00bb4.27.6&Prime; _module_preset=\u00a0\u00bb271b948b-72ae-49b0-9755-c0580bdd3b06&Prime; global_colors_info=\u00a0\u00bb{}\u00a0\u00bb][\/et_pb_button][\/et_pb_column][\/et_pb_row][\/et_pb_section][et_pb_section fb_built=\u00a0\u00bb1&Prime; admin_label=\u00a0\u00bbAbout\u00a0\u00bb _builder_version=\u00a0\u00bb4.27.6&Prime; _module_preset=\u00a0\u00bbdefault\u00a0\u00bb background_color=\u00a0\u00bb#f5f4ef\u00a0\u00bb collapsed=\u00a0\u00bbon\u00a0\u00bb global_colors_info=\u00a0\u00bb{}\u00a0\u00bb][et_pb_row column_structure=\u00a0\u00bb1_2,1_2&Prime; use_custom_gutter=\u00a0\u00bbon\u00a0\u00bb _builder_version=\u00a0\u00bb4.27.4&Prime; _module_preset=\u00a0\u00bbdefault\u00a0\u00bb global_colors_info=\u00a0\u00bb{}\u00a0\u00bb][et_pb_column type=\u00a0\u00bb1_2&Prime; _builder_version=\u00a0\u00bb4.27.4&Prime; _module_preset=\u00a0\u00bbdefault\u00a0\u00bb global_colors_info=\u00a0\u00bb{}\u00a0\u00bb][et_pb_heading title=\u00a0\u00bbPourquoi choisir Artisan Confort pour votre pompe \u00e0 chaleur ?\u00a0\u00bb _builder_version=\u00a0\u00bb4.27.6&Prime; _module_preset=\u00a0\u00bbdefault\u00a0\u00bb global_colors_info=\u00a0\u00bb{}\u00a0\u00bb][\/et_pb_heading][et_pb_text _builder_version=\u00a0\u00bb4.27.6&Prime; _module_preset=\u00a0\u00bbdefault\u00a0\u00bb global_colors_info=\u00a0\u00bb{}\u00a0\u00bb]<\/p>\n<ul>\n<li class=\"font-claude-response-body whitespace-normal break-words pl-2\" data-sourcepos=\"77:1-77:99;4573-4671\"><strong>Certification RGE QUALIPAC<\/strong>, gage de qualit\u00e9 et condition d&rsquo;\u00e9ligibilit\u00e9 aux aides financi\u00e8res<\/li>\n<li class=\"font-claude-response-body whitespace-normal break-words pl-2\" data-sourcepos=\"78:1-78:116;4672-4787\"><strong>\u00c9tude thermique et dimensionnement personnalis\u00e9s<\/strong>, pour une installation parfaitement adapt\u00e9e \u00e0 votre logement<\/li>\n<li class=\"font-claude-response-body whitespace-normal break-words pl-2\" data-sourcepos=\"79:1-79:77;4788-4864\"><strong>Accompagnement complet<\/strong> dans vos d\u00e9marches d&rsquo;aides (CEE, MaPrimeR\u00e9nov&rsquo;)<\/li>\n<li class=\"font-claude-response-body whitespace-normal break-words pl-2\" data-sourcepos=\"80:1-80:68;4865-4932\"><strong>Intervention rapide<\/strong> sur l&rsquo;ensemble de notre zone g\u00e9ographique<\/li>\n<li class=\"font-claude-response-body whitespace-normal break-words pl-2\" data-sourcepos=\"81:1-81:65;4933-4997\"><strong>Expertise reconnue<\/strong> en neuf comme en r\u00e9novation \u00e9nerg\u00e9tique<\/li>\n<\/ul>\n<p>[\/et_pb_text][\/et_pb_column][et_pb_column type=\u00a0\u00bb1_2&Prime; _builder_version=\u00a0\u00bb4.27.4&Prime; _module_preset=\u00a0\u00bbdefault\u00a0\u00bb global_colors_info=\u00a0\u00bb{}\u00a0\u00bb][et_pb_image src=\u00a0\u00bbhttps:\/\/polygraphics-crea.fr\/artisan-confort\/wp-content\/uploads\/2026\/08\/1000088483.jpg\u00a0\u00bb alt=\u00a0\u00bbpompe \u00e0 chaleur artisan confort\u00a0\u00bb title_text=\u00a0\u00bb1000088483&Prime; _builder_version=\u00a0\u00bb4.27.6&Prime; _module_preset=\u00a0\u00bb5353a98c-22dd-472b-9592-624a407e671d\u00a0\u00bb hover_enabled=\u00a0\u00bb0&Prime; global_colors_info=\u00a0\u00bb{}\u00a0\u00bb sticky_enabled=\u00a0\u00bb0&Prime;][\/et_pb_image][\/et_pb_column][\/et_pb_row][\/et_pb_section][et_pb_section fb_built=\u00a0\u00bb1&Prime; admin_label=\u00a0\u00bbAbout\u00a0\u00bb _builder_version=\u00a0\u00bb4.27.6&Prime; _module_preset=\u00a0\u00bbdefault\u00a0\u00bb background_color=\u00a0\u00bb#f5f4ef\u00a0\u00bb border_width_bottom=\u00a0\u00bb3px\u00a0\u00bb border_color_bottom=\u00a0\u00bb#f5f4ef\u00a0\u00bb collapsed=\u00a0\u00bbon\u00a0\u00bb global_colors_info=\u00a0\u00bb{}\u00a0\u00bb][et_pb_row _builder_version=\u00a0\u00bb4.27.6&Prime; _module_preset=\u00a0\u00bbdefault\u00a0\u00bb global_colors_info=\u00a0\u00bb{}\u00a0\u00bb][et_pb_column type=\u00a0\u00bb4_4&Prime; _builder_version=\u00a0\u00bb4.27.6&Prime; _module_preset=\u00a0\u00bbdefault\u00a0\u00bb global_colors_info=\u00a0\u00bb{}\u00a0\u00bb][et_pb_heading title=\u00a0\u00bbQuestions fr\u00e9quentes\u00a0\u00bb _builder_version=\u00a0\u00bb4.27.6&Prime; _module_preset=\u00a0\u00bbdefault\u00a0\u00bb global_colors_info=\u00a0\u00bb{}\u00a0\u00bb][\/et_pb_heading][\/et_pb_column][\/et_pb_row][et_pb_row column_structure=\u00a0\u00bb1_4,1_4,1_4,1_4&Prime; use_custom_gutter=\u00a0\u00bbon\u00a0\u00bb custom_padding_last_edited=\u00a0\u00bbon|tablet\u00a0\u00bb _builder_version=\u00a0\u00bb4.27.6&Prime; _module_preset=\u00a0\u00bbdefault\u00a0\u00bb custom_padding_tablet=\u00a0\u00bb||0px||false|false\u00a0\u00bb custom_padding_phone=\u00a0\u00bb||0px||false|false\u00a0\u00bb global_colors_info=\u00a0\u00bb{}\u00a0\u00bb][et_pb_column type=\u00a0\u00bb1_4&Prime; _builder_version=\u00a0\u00bb4.27.4&Prime; _module_preset=\u00a0\u00bbdefault\u00a0\u00bb global_colors_info=\u00a0\u00bb{}\u00a0\u00bb][et_pb_blurb title=\u00a0\u00bbQuelle est la diff\u00e9rence entre une PAC air\/eau et une PAC eau\/eau ?\u00a0\u00bb use_icon=\u00a0\u00bbon\u00a0\u00bb font_icon=\u00a0\u00bb&#xf128;||fa||900&Prime; image_icon_width=\u00a0\u00bb30px\u00a0\u00bb _builder_version=\u00a0\u00bb4.27.6&Prime; _module_preset=\u00a0\u00bb6132219f-01eb-4181-95eb-3e490f4bfd63&Prime; header_level=\u00a0\u00bbh5&Prime; image_icon_custom_padding=\u00a0\u00bb10px|14px|10px|14px|true|true\u00a0\u00bb global_colors_info=\u00a0\u00bb{}\u00a0\u00bb]<\/p>\n<p>La PAC air\/eau puise les calories dans l&rsquo;air ext\u00e9rieur, tandis que la PAC eau\/eau les puise dans le sol ou une nappe phr\u00e9atique. Cette derni\u00e8re offre g\u00e9n\u00e9ralement un meilleur rendement mais n\u00e9cessite une \u00e9tude de faisabilit\u00e9 pr\u00e9alable.<\/p>\n<p>[\/et_pb_blurb][\/et_pb_column][et_pb_column type=\u00a0\u00bb1_4&Prime; _builder_version=\u00a0\u00bb4.27.4&Prime; _module_preset=\u00a0\u00bbdefault\u00a0\u00bb global_colors_info=\u00a0\u00bb{}\u00a0\u00bb][et_pb_blurb title=\u00a0\u00bbPuis-je b\u00e9n\u00e9ficier d&rsquo;aides pour installer une pompe \u00e0 chaleur ?\u00a0\u00bb use_icon=\u00a0\u00bbon\u00a0\u00bb font_icon=\u00a0\u00bb&#xf128;||fa||900&Prime; image_icon_width=\u00a0\u00bb30px\u00a0\u00bb _builder_version=\u00a0\u00bb4.27.6&Prime; _module_preset=\u00a0\u00bb6132219f-01eb-4181-95eb-3e490f4bfd63&Prime; header_level=\u00a0\u00bbh5&Prime; image_icon_custom_padding=\u00a0\u00bb10px|14px|10px|14px|true|true\u00a0\u00bb global_colors_info=\u00a0\u00bb{}\u00a0\u00bb]<\/p>\n<p>Oui, sous conditions de ressources et selon votre logement. Notre certification RGE QUALIPAC vous permet d&rsquo;\u00eatre \u00e9ligible aux CEE et \u00e0 MaPrimeR\u00e9nov&rsquo;. Nous \u00e9tudions votre situation lors du devis.<\/p>\n<p>[\/et_pb_blurb][\/et_pb_column][et_pb_column type=\u00a0\u00bb1_4&Prime; _builder_version=\u00a0\u00bb4.27.4&Prime; _module_preset=\u00a0\u00bbdefault\u00a0\u00bb global_colors_info=\u00a0\u00bb{}\u00a0\u00bb][et_pb_blurb title=\u00a0\u00bbUne pompe \u00e0 chaleur est-elle adapt\u00e9e \u00e0 une maison ancienne ?\u00a0\u00bb use_icon=\u00a0\u00bbon\u00a0\u00bb font_icon=\u00a0\u00bb&#xf128;||fa||900&Prime; image_icon_width=\u00a0\u00bb30px\u00a0\u00bb _builder_version=\u00a0\u00bb4.27.6&Prime; _module_preset=\u00a0\u00bb6132219f-01eb-4181-95eb-3e490f4bfd63&Prime; header_level=\u00a0\u00bbh5&Prime; image_icon_custom_padding=\u00a0\u00bb10px|14px|10px|14px|true|true\u00a0\u00bb global_colors_info=\u00a0\u00bb{}\u00a0\u00bb]<\/p>\n<p>Oui, \u00e0 condition de r\u00e9aliser une \u00e9tude thermique pr\u00e9alable pour dimensionner correctement l&rsquo;installation. Nos techniciens \u00e9valuent la faisabilit\u00e9 de votre projet, qu&rsquo;il s&rsquo;agisse d&rsquo;une r\u00e9novation mono-geste ou globale.<\/p>\n<p>[\/et_pb_blurb][\/et_pb_column][et_pb_column type=\u00a0\u00bb1_4&Prime; _builder_version=\u00a0\u00bb4.27.4&Prime; _module_preset=\u00a0\u00bbdefault\u00a0\u00bb global_colors_info=\u00a0\u00bb{}\u00a0\u00bb][et_pb_blurb title=\u00a0\u00bbQuel est le d\u00e9lai d&rsquo;intervention pour un devis ?\u00a0\u00bb use_icon=\u00a0\u00bbon\u00a0\u00bb font_icon=\u00a0\u00bb&#xf128;||fa||900&Prime; image_icon_width=\u00a0\u00bb30px\u00a0\u00bb _builder_version=\u00a0\u00bb4.27.6&Prime; _module_preset=\u00a0\u00bb6132219f-01eb-4181-95eb-3e490f4bfd63&Prime; header_level=\u00a0\u00bbh5&Prime; image_icon_custom_padding=\u00a0\u00bb10px|14px|10px|14px|true|true\u00a0\u00bb global_colors_info=\u00a0\u00bb{}\u00a0\u00bb]<\/p>\n<p>Contactez-nous directement : nous intervenons rapidement sur l&rsquo;ensemble de notre zone (Lille, MEL, Orchies, P\u00e9v\u00e8le, Douai, Saint-Amand).<\/p>\n<p>[\/et_pb_blurb][\/et_pb_column][\/et_pb_row][\/et_pb_section][et_pb_section fb_built=\u00a0\u00bb1&Prime; admin_label=\u00a0\u00bbCall to Action\u00a0\u00bb _builder_version=\u00a0\u00bb4.27.4&Prime; _module_preset=\u00a0\u00bbdefault\u00a0\u00bb collapsed=\u00a0\u00bbon\u00a0\u00bb global_colors_info=\u00a0\u00bb{}\u00a0\u00bb theme_builder_area=\u00a0\u00bbpost_content\u00a0\u00bb][et_pb_row column_structure=\u00a0\u00bb1_2,1_2&Prime; use_custom_gutter=\u00a0\u00bbon\u00a0\u00bb make_equal=\u00a0\u00bbon\u00a0\u00bb _builder_version=\u00a0\u00bb4.27.6&Prime; _module_preset=\u00a0\u00bbdefault\u00a0\u00bb global_colors_info=\u00a0\u00bb{}\u00a0\u00bb theme_builder_area=\u00a0\u00bbpost_content\u00a0\u00bb][et_pb_column type=\u00a0\u00bb1_2&Prime; _builder_version=\u00a0\u00bb4.27.6&Prime; _module_preset=\u00a0\u00bba0756570-64b2-4c0f-9fec-5427b550322e\u00a0\u00bb use_background_color_gradient=\u00a0\u00bbon\u00a0\u00bb background_color_gradient_stops=\u00a0\u00bbrgba(0,0,0,0.49) 0%|rgba(255,255,255,0.6) 100%\u00a0\u00bb background_color_gradient_overlays_image=\u00a0\u00bbon\u00a0\u00bb background_image=\u00a0\u00bbhttps:\/\/polygraphics-crea.fr\/artisan-confort\/wp-content\/uploads\/2026\/06\/20_artisanconfort.jpeg\u00a0\u00bb global_colors_info=\u00a0\u00bb{}\u00a0\u00bb theme_builder_area=\u00a0\u00bbpost_content\u00a0\u00bb][et_pb_blurb title=\u00a0\u00bb+40 avis 5 \u00e9toiles\u00a0\u00bb image=\u00a0\u00bbhttps:\/\/polygraphics-crea.fr\/artisan-confort\/wp-content\/uploads\/2026\/05\/pest-control-design-element-01.png\u00a0\u00bb image_icon_width=\u00a0\u00bb120px\u00a0\u00bb icon_placement_tablet=\u00a0\u00bb\u00a0\u00bb icon_placement_phone=\u00a0\u00bbtop\u00a0\u00bb icon_placement_last_edited=\u00a0\u00bbon|phone\u00a0\u00bb _builder_version=\u00a0\u00bb4.27.6&Prime; _module_preset=\u00a0\u00bb1ba938d9-e93c-4374-bd7a-705bdae74bd2&Prime; background_color=\u00a0\u00bbgcid-79008fab-ccde-4aaf-8238-1144e270bf33&Prime; image_icon_custom_margin=\u00a0\u00bb||||false|false\u00a0\u00bb image_icon_custom_padding=\u00a0\u00bb4px||||false|false\u00a0\u00bb custom_padding=\u00a0\u00bb16px|20px|6px|20px|false|true\u00a0\u00bb link_option_url=\u00a0\u00bbhttps:\/\/www.google.com\/search?sca_esv=4b04351323eb6a28&#038;rlz=1C1CHBF_frFR931FR931&#038;sxsrf=ANbL-n4-RPWMTh8Fa4HlEKBWp6SQuK7lKA:1781098647903&#038;q=artisan+confort&#038;si=AL3DRZEsmMGCryMMFSHJ3StBhOdZ2-6yYkXd_doETEE1OR-qOdIhpToh225wl8lMgOiVUayv5V15gsM2Ze9s&#8211;WAs4a-pfCAruJ-z96PZ8_n_5qNrXMJclw%3D&#038;uds=ALYpb_n_EM_B_ErB9c5NX69H4GoWD7PZzdA3HRmEqkau-KMBoo2EwfICJ4y2pefaGfVjeF030TbZVIw5Huh4flRgp8q61moEfu2bsqHjqSVAwDAhv9C2Nws&#038;sa=X&#038;ved=2ahUKEwi2l9_B5fyUAxUpUaQEHUdsMk0Q3PALegQIHRAE&#038;biw=1536&#038;bih=695&#038;dpr=1.25&Prime; background_last_edited=\u00a0\u00bboff|tablet\u00a0\u00bb border_radii=\u00a0\u00bbon|4vw|4vw|4vw|4vw\u00a0\u00bb border_width_all=\u00a0\u00bb1px\u00a0\u00bb border_color_all=\u00a0\u00bb#FFFFFF\u00a0\u00bb global_colors_info=\u00a0\u00bb{%22gcid-79008fab-ccde-4aaf-8238-1144e270bf33%22:%91%22background_color%22%93}\u00a0\u00bb background__hover_enabled=\u00a0\u00bbon|hover\u00a0\u00bb background_color__hover=\u00a0\u00bbrgba(0,0,0,0.36)\u00a0\u00bb background_enable_color__hover=\u00a0\u00bbon\u00a0\u00bb theme_builder_area=\u00a0\u00bbpost_content\u00a0\u00bb][\/et_pb_blurb][\/et_pb_column][et_pb_column type=\u00a0\u00bb1_2&Prime; _builder_version=\u00a0\u00bb4.27.4&Prime; _module_preset=\u00a0\u00bbb45a4d0b-67ab-47ff-8cd1-509571c094e7&Prime; global_colors_info=\u00a0\u00bb{}\u00a0\u00bb theme_builder_area=\u00a0\u00bbpost_content\u00a0\u00bb][et_pb_heading title=\u00a0\u00bbUn projet de pompe \u00e0 chaleur \u00e0 Lille, Douai ou dans la P\u00e9v\u00e8le ?\u00a0\u00bb _builder_version=\u00a0\u00bb4.27.6&Prime; _module_preset=\u00a0\u00bb189212ab-08c9-4128-8194-3f4645a2d56a\u00a0\u00bb title_text_color=\u00a0\u00bb#FFFFFF\u00a0\u00bb title_font_size=\u00a0\u00bb48px\u00a0\u00bb hover_enabled=\u00a0\u00bb0&Prime; global_colors_info=\u00a0\u00bb{}\u00a0\u00bb theme_builder_area=\u00a0\u00bbpost_content\u00a0\u00bb sticky_enabled=\u00a0\u00bb0&Prime;][\/et_pb_heading][et_pb_text _builder_version=\u00a0\u00bb4.27.6&Prime; _module_preset=\u00a0\u00bb79ad260a-9143-40aa-8574-3a912f2a9ef6&Prime; hover_enabled=\u00a0\u00bb0&Prime; global_colors_info=\u00a0\u00bb{}\u00a0\u00bb theme_builder_area=\u00a0\u00bbpost_content\u00a0\u00bb sticky_enabled=\u00a0\u00bb0&Prime;]<\/p>\n<p>Contactez Artisan Confort Chaud &amp; Froid pour une \u00e9tude thermique et un devis personnalis\u00e9.<\/p>\n<p>[\/et_pb_text][et_pb_blurb title=\u00a0\u00bb06 844 60 840&Prime; _builder_version=\u00a0\u00bb4.27.6&Prime; _module_preset=\u00a0\u00bbdefault\u00a0\u00bb theme_builder_area=\u00a0\u00bbpost_content\u00a0\u00bb use_icon=\u00a0\u00bbon\u00a0\u00bb font_icon=\u00a0\u00bb&#xe090;||divi||400&Prime; header_text_color=\u00a0\u00bb#FFFFFF\u00a0\u00bb header_font_size=\u00a0\u00bb22px\u00a0\u00bb icon_color=\u00a0\u00bb#FFFFFF\u00a0\u00bb image_icon_width=\u00a0\u00bb22px\u00a0\u00bb image_icon_custom_margin=\u00a0\u00bb5px||||false|false\u00a0\u00bb hover_enabled=\u00a0\u00bb0&Prime; sticky_enabled=\u00a0\u00bb0&Prime; custom_margin=\u00a0\u00bb0px||0px||false|false\u00a0\u00bb][\/et_pb_blurb][et_pb_blurb title=\u00a0\u00bbcontact@artisant-confort.fr\u00a0\u00bb _builder_version=\u00a0\u00bb4.27.6&Prime; _module_preset=\u00a0\u00bbdefault\u00a0\u00bb theme_builder_area=\u00a0\u00bbpost_content\u00a0\u00bb use_icon=\u00a0\u00bbon\u00a0\u00bb font_icon=\u00a0\u00bb&#xe076;||divi||400&Prime; header_text_color=\u00a0\u00bb#FFFFFF\u00a0\u00bb header_font_size=\u00a0\u00bb22px\u00a0\u00bb icon_color=\u00a0\u00bb#FFFFFF\u00a0\u00bb image_icon_width=\u00a0\u00bb22px\u00a0\u00bb image_icon_custom_margin=\u00a0\u00bb5px||||false|false\u00a0\u00bb hover_enabled=\u00a0\u00bb0&Prime; sticky_enabled=\u00a0\u00bb0&Prime; custom_margin=\u00a0\u00bb0px||0px||false|false\u00a0\u00bb][\/et_pb_blurb][et_pb_blurb title=\u00a0\u00bbPlombier Chauffagiste \u00e0 Coutiches 59310&Prime; _builder_version=\u00a0\u00bb4.27.6&Prime; _module_preset=\u00a0\u00bbdefault\u00a0\u00bb theme_builder_area=\u00a0\u00bbpost_content\u00a0\u00bb use_icon=\u00a0\u00bbon\u00a0\u00bb font_icon=\u00a0\u00bb&#xe081;||divi||400&Prime; header_text_color=\u00a0\u00bb#FFFFFF\u00a0\u00bb header_font_size=\u00a0\u00bb22px\u00a0\u00bb icon_color=\u00a0\u00bb#FFFFFF\u00a0\u00bb image_icon_width=\u00a0\u00bb22px\u00a0\u00bb image_icon_custom_margin=\u00a0\u00bb5px||||false|false\u00a0\u00bb hover_enabled=\u00a0\u00bb0&Prime; sticky_enabled=\u00a0\u00bb0&Prime; custom_margin=\u00a0\u00bb0px||||false|false\u00a0\u00bb custom_padding=\u00a0\u00bb0px||||false|false\u00a0\u00bb][\/et_pb_blurb][et_pb_button button_url=\u00a0\u00bbhttps:\/\/polygraphics-crea.fr\/artisan-confort\/contact\/\u00a0\u00bb button_text=\u00a0\u00bbContactez-Nous\u00a0\u00bb _builder_version=\u00a0\u00bb4.27.6&Prime; _module_preset=\u00a0\u00bbd0ba6d87-ed96-4a43-adad-df0652db209f\u00a0\u00bb global_colors_info=\u00a0\u00bb{}\u00a0\u00bb theme_builder_area=\u00a0\u00bbpost_content\u00a0\u00bb][\/et_pb_button][\/et_pb_column][\/et_pb_row][\/et_pb_section]<\/p>\n","protected":false},"excerpt":{"rendered":"<p>Vous souhaitez remplacer votre chaudi\u00e8re par une pompe \u00e0 chaleur ou \u00e9quiper votre logement neuf d&rsquo;un syst\u00e8me performant et \u00e9conome en \u00e9nergie ? Artisan Confort Chaud &amp; Froid, certifi\u00e9 RGE QUALIPAC, vous accompagne \u00e0 chaque \u00e9tape de votre projet : \u00e9tude thermique, dimensionnement, installation et mise en service. Nous intervenons sur Lille, la MEL, Orchies, [&hellip;]<\/p>\n","protected":false},"author":1,"featured_media":0,"parent":0,"menu_order":0,"comment_status":"closed","ping_status":"closed","template":"","meta":{"_et_pb_use_builder":"on","_et_pb_old_content":"","_et_gb_content_width":"","footnotes":""},"class_list":["post-271","page","type-page","status-publish","hentry"],"_links":{"self":[{"href":"https:\/\/polygraphics-crea.fr\/artisan-confort\/wp-json\/wp\/v2\/pages\/271","targetHints":{"allow":["GET"]}}],"collection":[{"href":"https:\/\/polygraphics-crea.fr\/artisan-confort\/wp-json\/wp\/v2\/pages"}],"about":[{"href":"https:\/\/polygraphics-crea.fr\/artisan-confort\/wp-json\/wp\/v2\/types\/page"}],"author":[{"embeddable":true,"href":"https:\/\/polygraphics-crea.fr\/artisan-confort\/wp-json\/wp\/v2\/users\/1"}],"replies":[{"embeddable":true,"href":"https:\/\/polygraphics-crea.fr\/artisan-confort\/wp-json\/wp\/v2\/comments?post=271"}],"version-history":[{"count":5,"href":"https:\/\/polygraphics-crea.fr\/artisan-confort\/wp-json\/wp\/v2\/pages\/271\/revisions"}],"predecessor-version":[{"id":289,"href":"https:\/\/polygraphics-crea.fr\/artisan-confort\/wp-json\/wp\/v2\/pages\/271\/revisions\/289"}],"wp:attachment":[{"href":"https:\/\/polygraphics-crea.fr\/artisan-confort\/wp-json\/wp\/v2\/media?parent=271"}],"curies":[{"name":"wp","href":"https:\/\/api.w.org\/{rel}","templated":true}]}}