{"id":230,"date":"2026-08-04T16:59:09","date_gmt":"2026-08-04T14:59:09","guid":{"rendered":"https:\/\/polygraphics-crea.fr\/artisan-confort\/?page_id=230"},"modified":"2026-08-17T15:37:11","modified_gmt":"2026-08-17T13:37:11","slug":"salle-de-bain","status":"publish","type":"page","link":"https:\/\/polygraphics-crea.fr\/artisan-confort\/salle-de-bain\/","title":{"rendered":"Salle de bain"},"content":{"rendered":"<p>[et_pb_section fb_built=\u00a0\u00bb1&Prime; admin_label=\u00a0\u00bbHeader\u00a0\u00bb _builder_version=\u00a0\u00bb4.27.6&Prime; _module_preset=\u00a0\u00bb072d238d-512c-40e1-8a4e-88a5177746ee\u00a0\u00bb background_image=\u00a0\u00bbhttps:\/\/polygraphics-crea.fr\/artisan-confort\/wp-content\/uploads\/2026\/08\/salle-de-bain-artisan-confort-scaled.jpg\u00a0\u00bb collapsed=\u00a0\u00bbon\u00a0\u00bb global_colors_info=\u00a0\u00bb{}\u00a0\u00bb][et_pb_row _builder_version=\u00a0\u00bb4.27.4&Prime; _module_preset=\u00a0\u00bbdefault\u00a0\u00bb global_colors_info=\u00a0\u00bb{}\u00a0\u00bb column_structure=\u00a0\u00bb3_4,1_4&Prime;][et_pb_column type=\u00a0\u00bb3_4&Prime; _builder_version=\u00a0\u00bb4.27.4&Prime; _module_preset=\u00a0\u00bbdefault\u00a0\u00bb global_colors_info=\u00a0\u00bb{}\u00a0\u00bb][et_pb_heading title=\u00a0\u00bbCr\u00e9ation et r\u00e9novation de salle de bain\u00a0\u00bb _builder_version=\u00a0\u00bb4.27.6&Prime; _module_preset=\u00a0\u00bbc1904bd7-fe23-4884-b76d-62d336d6762e\u00a0\u00bb title_text_align=\u00a0\u00bbleft\u00a0\u00bb title_text_color=\u00a0\u00bb#FFFFFF\u00a0\u00bb hover_enabled=\u00a0\u00bb0&Prime; global_colors_info=\u00a0\u00bb{}\u00a0\u00bb sticky_enabled=\u00a0\u00bb0&Prime;][\/et_pb_heading][et_pb_text _builder_version=\u00a0\u00bb4.27.6&Prime; _module_preset=\u00a0\u00bbdefault\u00a0\u00bb text_text_color=\u00a0\u00bb#FFFFFF\u00a0\u00bb hover_enabled=\u00a0\u00bb0&Prime; global_colors_info=\u00a0\u00bb{}\u00a0\u00bb sticky_enabled=\u00a0\u00bb0&Prime;]<\/p>\n<p>Vous souhaitez cr\u00e9er ou r\u00e9nover votre salle de bain ? Artisan Confort Chaud &amp; Froid vous accompagne du plan 3D jusqu&rsquo;\u00e0 la r\u00e9alisation finale, pour tous types de projets : douche \u00e0 l&rsquo;italienne, salle de bain classique, contemporaine ou adapt\u00e9e aux personnes \u00e0 mobilit\u00e9 r\u00e9duite (PMR). Notre \u00e9quipe de plombiers professionnels vous garantit un accompagnement personnalis\u00e9 \u00e0 chaque \u00e9tape, sur l&rsquo;ensemble de la zone Lille, MEL, Orchies, P\u00e9v\u00e8le, Douai et Saint-Amand.<\/p>\n<p>[\/et_pb_text][et_pb_button button_url=\u00a0\u00bbtel:+33684460840&Prime; button_text=\u00a0\u00bbAppelez-nous\u00a0\u00bb _builder_version=\u00a0\u00bb4.27.6&Prime; _module_preset=\u00a0\u00bbdefault\u00a0\u00bb global_colors_info=\u00a0\u00bb{}\u00a0\u00bb][\/et_pb_button][\/et_pb_column][et_pb_column type=\u00a0\u00bb1_4&Prime; _builder_version=\u00a0\u00bb4.27.4&Prime; _module_preset=\u00a0\u00bbdefault\u00a0\u00bb global_colors_info=\u00a0\u00bb{}\u00a0\u00bb][\/et_pb_column][\/et_pb_row][\/et_pb_section][et_pb_section fb_built=\u00a0\u00bb1&Prime; admin_label=\u00a0\u00bbAbout\u00a0\u00bb _builder_version=\u00a0\u00bb4.27.6&Prime; _module_preset=\u00a0\u00bbdefault\u00a0\u00bb background_color=\u00a0\u00bb#f5f4ef\u00a0\u00bb hover_enabled=\u00a0\u00bb0&Prime; collapsed=\u00a0\u00bbon\u00a0\u00bb global_colors_info=\u00a0\u00bb{}\u00a0\u00bb sticky_enabled=\u00a0\u00bb0&Prime;][et_pb_row _builder_version=\u00a0\u00bb4.27.6&Prime; _module_preset=\u00a0\u00bbdefault\u00a0\u00bb global_colors_info=\u00a0\u00bb{}\u00a0\u00bb][et_pb_column type=\u00a0\u00bb4_4&Prime; _builder_version=\u00a0\u00bb4.27.6&Prime; _module_preset=\u00a0\u00bbdefault\u00a0\u00bb global_colors_info=\u00a0\u00bb{}\u00a0\u00bb][et_pb_heading title=\u00a0\u00bbUn accompagnement de A \u00e0 Z pour votre projet\u00a0\u00bb _builder_version=\u00a0\u00bb4.27.6&Prime; _module_preset=\u00a0\u00bbdefault\u00a0\u00bb hover_enabled=\u00a0\u00bb0&Prime; global_colors_info=\u00a0\u00bb{}\u00a0\u00bb sticky_enabled=\u00a0\u00bb0&Prime;][\/et_pb_heading][\/et_pb_column][\/et_pb_row][et_pb_row column_structure=\u00a0\u00bb1_3,1_3,1_3&Prime; use_custom_gutter=\u00a0\u00bbon\u00a0\u00bb custom_padding_last_edited=\u00a0\u00bbon|tablet\u00a0\u00bb _builder_version=\u00a0\u00bb4.27.4&Prime; _module_preset=\u00a0\u00bbdefault\u00a0\u00bb custom_padding_tablet=\u00a0\u00bb||0px||false|false\u00a0\u00bb custom_padding_phone=\u00a0\u00bb||0px||false|false\u00a0\u00bb global_colors_info=\u00a0\u00bb{}\u00a0\u00bb][et_pb_column type=\u00a0\u00bb1_3&Prime; _builder_version=\u00a0\u00bb4.27.4&Prime; _module_preset=\u00a0\u00bbdefault\u00a0\u00bb global_colors_info=\u00a0\u00bb{}\u00a0\u00bb][et_pb_blurb title=\u00a0\u00bbLa prise de rendez-vous\u00a0\u00bb use_icon=\u00a0\u00bbon\u00a0\u00bb font_icon=\u00a0\u00bb&#xf46a;||fa||900&Prime; image_icon_width=\u00a0\u00bb30px\u00a0\u00bb _builder_version=\u00a0\u00bb4.27.6&Prime; _module_preset=\u00a0\u00bb6132219f-01eb-4181-95eb-3e490f4bfd63&Prime; header_level=\u00a0\u00bbh3&Prime; header_font_size=\u00a0\u00bb24px\u00a0\u00bb image_icon_custom_padding=\u00a0\u00bb10px|14px|10px|14px|true|true\u00a0\u00bb hover_enabled=\u00a0\u00bb0&Prime; global_colors_info=\u00a0\u00bb{}\u00a0\u00bb sticky_enabled=\u00a0\u00bb0&Prime;]<\/p>\n<p>Un technicien exp\u00e9riment\u00e9 prend en charge votre projet d\u00e8s le premier contact et reste votre interlocuteur unique tout au long des travaux. Il vous \u00e9coute et vous conseille sur les diff\u00e9rentes possibilit\u00e9s adapt\u00e9es \u00e0 votre logement et \u00e0 vos envies.<\/p>\n<p>[\/et_pb_blurb][\/et_pb_column][et_pb_column type=\u00a0\u00bb1_3&Prime; _builder_version=\u00a0\u00bb4.27.4&Prime; _module_preset=\u00a0\u00bbdefault\u00a0\u00bb global_colors_info=\u00a0\u00bb{}\u00a0\u00bb][et_pb_blurb title=\u00a0\u00bbLe plan 3D personnalis\u00e9\u00a0\u00bb use_icon=\u00a0\u00bbon\u00a0\u00bb font_icon=\u00a0\u00bb&#xf46a;||fa||900&Prime; image_icon_width=\u00a0\u00bb30px\u00a0\u00bb _builder_version=\u00a0\u00bb4.27.6&Prime; _module_preset=\u00a0\u00bb6132219f-01eb-4181-95eb-3e490f4bfd63&Prime; header_level=\u00a0\u00bbh3&Prime; header_font_size=\u00a0\u00bb24px\u00a0\u00bb image_icon_custom_padding=\u00a0\u00bb10px|14px|10px|14px|true|true\u00a0\u00bb hover_enabled=\u00a0\u00bb0&Prime; locked=\u00a0\u00bboff\u00a0\u00bb global_colors_info=\u00a0\u00bb{}\u00a0\u00bb sticky_enabled=\u00a0\u00bb0&Prime;]<\/p>\n<p>Notre technicien sanitaire se d\u00e9place pour prendre les dimensions exactes de votre salle de bain, puis vous propose un ou plusieurs projets en 3D selon vos go\u00fbts : douche \u00e0 l&rsquo;italienne, baignoire, spa, et bien d&rsquo;autres possibilit\u00e9s. Vous pouvez \u00e9galement nous rendre visite dans notre <strong>showroom \u00e0 Lens<\/strong>, pour d\u00e9couvrir votre projet 3D et voir nos produits en exposition avant de vous d\u00e9cider.<\/p>\n<p>[\/et_pb_blurb][\/et_pb_column][et_pb_column type=\u00a0\u00bb1_3&Prime; _builder_version=\u00a0\u00bb4.27.4&Prime; _module_preset=\u00a0\u00bbdefault\u00a0\u00bb global_colors_info=\u00a0\u00bb{}\u00a0\u00bb][et_pb_blurb title=\u00a0\u00bbLa r\u00e9alisation de votre salle de bain\u00a0\u00bb use_icon=\u00a0\u00bbon\u00a0\u00bb font_icon=\u00a0\u00bb&#xf46a;||fa||900&Prime; image_icon_width=\u00a0\u00bb30px\u00a0\u00bb _builder_version=\u00a0\u00bb4.27.6&Prime; _module_preset=\u00a0\u00bb6132219f-01eb-4181-95eb-3e490f4bfd63&Prime; header_level=\u00a0\u00bbh3&Prime; header_font_size=\u00a0\u00bb24px\u00a0\u00bb image_icon_custom_padding=\u00a0\u00bb10px|14px|10px|14px|true|true\u00a0\u00bb hover_enabled=\u00a0\u00bb0&Prime; locked=\u00a0\u00bboff\u00a0\u00bb global_colors_info=\u00a0\u00bb{}\u00a0\u00bb sticky_enabled=\u00a0\u00bb0&Prime;]<\/p>\n<p>Une fois vos choix valid\u00e9s, les travaux peuvent commencer. Votre technicien veille tout au long du chantier \u00e0 la propret\u00e9 des lieux et reste disponible pour toute modification ou ajustement souhait\u00e9 en cours de r\u00e9alisation.<\/p>\n<p>[\/et_pb_blurb][\/et_pb_column][\/et_pb_row][\/et_pb_section][et_pb_section fb_built=\u00a0\u00bb1&Prime; theme_builder_area=\u00a0\u00bbpost_content\u00a0\u00bb _builder_version=\u00a0\u00bb4.27.6&Prime; _module_preset=\u00a0\u00bbdefault\u00a0\u00bb background_color=\u00a0\u00bb#f5f4ef\u00a0\u00bb hover_enabled=\u00a0\u00bb0&Prime; sticky_enabled=\u00a0\u00bb0&Prime;][et_pb_row _builder_version=\u00a0\u00bb4.27.6&Prime; _module_preset=\u00a0\u00bbdefault\u00a0\u00bb theme_builder_area=\u00a0\u00bbpost_content\u00a0\u00bb][et_pb_column _builder_version=\u00a0\u00bb4.27.6&Prime; _module_preset=\u00a0\u00bbdefault\u00a0\u00bb type=\u00a0\u00bb4_4&Prime; theme_builder_area=\u00a0\u00bbpost_content\u00a0\u00bb][et_pb_heading title=\u00a0\u00bbTous types de projets de salle de bain\u00a0\u00bb _builder_version=\u00a0\u00bb4.27.6&Prime; _module_preset=\u00a0\u00bbdefault\u00a0\u00bb hover_enabled=\u00a0\u00bb0&Prime; global_colors_info=\u00a0\u00bb{}\u00a0\u00bb sticky_enabled=\u00a0\u00bb0&Prime; theme_builder_area=\u00a0\u00bbpost_content\u00a0\u00bb title_text_align=\u00a0\u00bbcenter\u00a0\u00bb][\/et_pb_heading][et_pb_text _builder_version=\u00a0\u00bb4.27.6&Prime; _module_preset=\u00a0\u00bbdefault\u00a0\u00bb theme_builder_area=\u00a0\u00bbpost_content\u00a0\u00bb hover_enabled=\u00a0\u00bb0&Prime; sticky_enabled=\u00a0\u00bb0&Prime; text_orientation=\u00a0\u00bbcenter\u00a0\u00bb]<\/p>\n<p>Quel que soit votre projet, notre \u00e9quipe s&rsquo;adapte \u00e0 vos besoins et \u00e0 votre budget :<\/p>\n<p>[\/et_pb_text][\/et_pb_column][\/et_pb_row][et_pb_row _builder_version=\u00a0\u00bb4.27.6&Prime; _module_preset=\u00a0\u00bbdefault\u00a0\u00bb theme_builder_area=\u00a0\u00bbpost_content\u00a0\u00bb column_structure=\u00a0\u00bb1_4,1_4,1_4,1_4&Prime; hover_enabled=\u00a0\u00bb0&Prime; sticky_enabled=\u00a0\u00bb0&Prime;][et_pb_column _builder_version=\u00a0\u00bb4.27.6&Prime; _module_preset=\u00a0\u00bbdefault\u00a0\u00bb type=\u00a0\u00bb1_4&Prime; theme_builder_area=\u00a0\u00bbpost_content\u00a0\u00bb][et_pb_image src=\u00a0\u00bbhttps:\/\/polygraphics-crea.fr\/artisan-confort\/wp-content\/uploads\/2026\/08\/salle_de_bain_italienne.jpg\u00a0\u00bb _builder_version=\u00a0\u00bb4.27.6&Prime; _module_preset=\u00a0\u00bbdefault\u00a0\u00bb theme_builder_area=\u00a0\u00bbpost_content\u00a0\u00bb hover_enabled=\u00a0\u00bb0&Prime; sticky_enabled=\u00a0\u00bb0&Prime; alt=\u00a0\u00bbsalle de bain artisan confort\u00a0\u00bb title_text=\u00a0\u00bbsalle_de_bain_italienne\u00a0\u00bb border_radii=\u00a0\u00bbon|200px|200px|200px|200px\u00a0\u00bb][\/et_pb_image][et_pb_text _builder_version=\u00a0\u00bb4.27.6&Prime; _module_preset=\u00a0\u00bbdefault\u00a0\u00bb theme_builder_area=\u00a0\u00bbpost_content\u00a0\u00bb text_orientation=\u00a0\u00bbcenter\u00a0\u00bb hover_enabled=\u00a0\u00bb0&Prime; sticky_enabled=\u00a0\u00bb0&Prime;]<\/p>\n<p><strong>Douche \u00e0 l&rsquo;italienne<\/strong>, pour un style \u00e9pur\u00e9 et une accessibilit\u00e9 optimale<\/p>\n<p>[\/et_pb_text][\/et_pb_column][et_pb_column _builder_version=\u00a0\u00bb4.27.6&Prime; _module_preset=\u00a0\u00bbdefault\u00a0\u00bb type=\u00a0\u00bb1_4&Prime; theme_builder_area=\u00a0\u00bbpost_content\u00a0\u00bb][et_pb_image src=\u00a0\u00bbhttps:\/\/polygraphics-crea.fr\/artisan-confort\/wp-content\/uploads\/2026\/08\/salle_de_bain_classique.jpg\u00a0\u00bb _builder_version=\u00a0\u00bb4.27.6&Prime; _module_preset=\u00a0\u00bbdefault\u00a0\u00bb theme_builder_area=\u00a0\u00bbpost_content\u00a0\u00bb hover_enabled=\u00a0\u00bb0&Prime; sticky_enabled=\u00a0\u00bb0&Prime; alt=\u00a0\u00bbsalle de bain artisan confort\u00a0\u00bb title_text=\u00a0\u00bbsalle_de_bain_classique\u00a0\u00bb border_radii=\u00a0\u00bbon|200px|200px|200px|200px\u00a0\u00bb][\/et_pb_image][et_pb_text _builder_version=\u00a0\u00bb4.27.6&Prime; _module_preset=\u00a0\u00bbdefault\u00a0\u00bb theme_builder_area=\u00a0\u00bbpost_content\u00a0\u00bb text_orientation=\u00a0\u00bbcenter\u00a0\u00bb hover_enabled=\u00a0\u00bb0&Prime; sticky_enabled=\u00a0\u00bb0&Prime;]<\/p>\n<p><strong>Salle de bain classique ou contemporaine<\/strong>, selon vos go\u00fbts et l&rsquo;architecture de votre logement<\/p>\n<p>[\/et_pb_text][\/et_pb_column][et_pb_column _builder_version=\u00a0\u00bb4.27.6&Prime; _module_preset=\u00a0\u00bbdefault\u00a0\u00bb type=\u00a0\u00bb1_4&Prime; theme_builder_area=\u00a0\u00bbpost_content\u00a0\u00bb][et_pb_image src=\u00a0\u00bbhttps:\/\/polygraphics-crea.fr\/artisan-confort\/wp-content\/uploads\/2026\/08\/salle_de_bain_pmr.jpg\u00a0\u00bb _builder_version=\u00a0\u00bb4.27.6&Prime; _module_preset=\u00a0\u00bbdefault\u00a0\u00bb theme_builder_area=\u00a0\u00bbpost_content\u00a0\u00bb hover_enabled=\u00a0\u00bb0&Prime; sticky_enabled=\u00a0\u00bb0&Prime; alt=\u00a0\u00bbsalle de bain PMR\u00a0\u00bb title_text=\u00a0\u00bbsalle_de_bain_pmr\u00a0\u00bb border_radii=\u00a0\u00bbon|200px|200px|200px|200px\u00a0\u00bb][\/et_pb_image][et_pb_text _builder_version=\u00a0\u00bb4.27.6&Prime; _module_preset=\u00a0\u00bbdefault\u00a0\u00bb theme_builder_area=\u00a0\u00bbpost_content\u00a0\u00bb text_orientation=\u00a0\u00bbcenter\u00a0\u00bb hover_enabled=\u00a0\u00bb0&Prime; sticky_enabled=\u00a0\u00bb0&Prime;]<\/p>\n<p><strong>Salle de bain PMR (Personne \u00e0 Mobilit\u00e9 R\u00e9duite)<\/strong>, pens\u00e9e pour l&rsquo;accessibilit\u00e9 et le confort au quotidien<\/p>\n<p>[\/et_pb_text][\/et_pb_column][et_pb_column _builder_version=\u00a0\u00bb4.27.6&Prime; _module_preset=\u00a0\u00bbdefault\u00a0\u00bb type=\u00a0\u00bb1_4&Prime; theme_builder_area=\u00a0\u00bbpost_content\u00a0\u00bb][et_pb_image src=\u00a0\u00bbhttps:\/\/polygraphics-crea.fr\/artisan-confort\/wp-content\/uploads\/2026\/08\/salle_de_bain_luxe-scaled.jpg\u00a0\u00bb _builder_version=\u00a0\u00bb4.27.6&Prime; _module_preset=\u00a0\u00bbdefault\u00a0\u00bb theme_builder_area=\u00a0\u00bbpost_content\u00a0\u00bb hover_enabled=\u00a0\u00bb0&Prime; sticky_enabled=\u00a0\u00bb0&Prime; alt=\u00a0\u00bbsalle de bain luxe\u00a0\u00bb title_text=\u00a0\u00bbluxury bathtub inside bedroom in hotel\u00a0\u00bb border_radii=\u00a0\u00bbon|200px|200px|200px|200px\u00a0\u00bb][\/et_pb_image][et_pb_text _builder_version=\u00a0\u00bb4.27.6&Prime; _module_preset=\u00a0\u00bbdefault\u00a0\u00bb theme_builder_area=\u00a0\u00bbpost_content\u00a0\u00bb text_orientation=\u00a0\u00bbcenter\u00a0\u00bb hover_enabled=\u00a0\u00bb0&Prime; sticky_enabled=\u00a0\u00bb0&Prime;]<\/p>\n<p><strong>Baignoire, spa, douche sur-mesure<\/strong>&#8230; toutes les configurations sont \u00e9tudi\u00e9es avec vous<\/p>\n<p>[\/et_pb_text][\/et_pb_column][\/et_pb_row][\/et_pb_section][et_pb_section fb_built=\u00a0\u00bb1&Prime; admin_label=\u00a0\u00bbAbout\u00a0\u00bb _builder_version=\u00a0\u00bb4.27.6&Prime; _module_preset=\u00a0\u00bbdefault\u00a0\u00bb background_color=\u00a0\u00bb#f5f4ef\u00a0\u00bb collapsed=\u00a0\u00bbon\u00a0\u00bb global_colors_info=\u00a0\u00bb{}\u00a0\u00bb theme_builder_area=\u00a0\u00bbpost_content\u00a0\u00bb][et_pb_row column_structure=\u00a0\u00bb1_2,1_2&Prime; use_custom_gutter=\u00a0\u00bbon\u00a0\u00bb _builder_version=\u00a0\u00bb4.27.6&Prime; _module_preset=\u00a0\u00bbdefault\u00a0\u00bb hover_enabled=\u00a0\u00bb0&Prime; global_colors_info=\u00a0\u00bb{}\u00a0\u00bb theme_builder_area=\u00a0\u00bbpost_content\u00a0\u00bb sticky_enabled=\u00a0\u00bb0&Prime; gutter_width=\u00a0\u00bb4&Prime;][et_pb_column type=\u00a0\u00bb1_2&Prime; _builder_version=\u00a0\u00bb4.27.4&Prime; _module_preset=\u00a0\u00bbdefault\u00a0\u00bb global_colors_info=\u00a0\u00bb{}\u00a0\u00bb theme_builder_area=\u00a0\u00bbpost_content\u00a0\u00bb][et_pb_image src=\u00a0\u00bbhttps:\/\/polygraphics-crea.fr\/artisan-confort\/wp-content\/uploads\/2026\/08\/philippe_davenne_artisan_confort.jpeg\u00a0\u00bb alt=\u00a0\u00bbphilippe davenne artisan confort\u00a0\u00bb title_text=\u00a0\u00bbphilippe_davenne_artisan_confort\u00a0\u00bb _builder_version=\u00a0\u00bb4.27.6&Prime; _module_preset=\u00a0\u00bb5353a98c-22dd-472b-9592-624a407e671d\u00a0\u00bb global_colors_info=\u00a0\u00bb{}\u00a0\u00bb theme_builder_area=\u00a0\u00bbpost_content\u00a0\u00bb][\/et_pb_image][\/et_pb_column][et_pb_column type=\u00a0\u00bb1_2&Prime; _builder_version=\u00a0\u00bb4.27.4&Prime; _module_preset=\u00a0\u00bbdefault\u00a0\u00bb global_colors_info=\u00a0\u00bb{}\u00a0\u00bb theme_builder_area=\u00a0\u00bbpost_content\u00a0\u00bb][et_pb_heading title=\u00a0\u00bbPourquoi choisir Artisan Confort pour votre salle de bain ?\u00a0\u00bb _builder_version=\u00a0\u00bb4.27.6&Prime; _module_preset=\u00a0\u00bbdefault\u00a0\u00bb hover_enabled=\u00a0\u00bb0&Prime; global_colors_info=\u00a0\u00bb{}\u00a0\u00bb theme_builder_area=\u00a0\u00bbpost_content\u00a0\u00bb sticky_enabled=\u00a0\u00bb0&Prime;][\/et_pb_heading][et_pb_text _builder_version=\u00a0\u00bb4.27.6&Prime; _module_preset=\u00a0\u00bbdefault\u00a0\u00bb hover_enabled=\u00a0\u00bb0&Prime; global_colors_info=\u00a0\u00bb{}\u00a0\u00bb theme_builder_area=\u00a0\u00bbpost_content\u00a0\u00bb sticky_enabled=\u00a0\u00bb0&Prime;]<\/p>\n<ul dir=\"ltr\" class=\"[li_&amp;]:mb-0 [li_&amp;]:mt-1 [li_&amp;]:gap-1 [&amp;:not(:last-child)_ul]:pb-1 [&amp;:not(:last-child)_ol]:pb-1 list-disc flex flex-col gap-1 pl-8 mb-3 print:block print:space-y-1\" data-sourcepos=\"67:1-71:92;4073-4480\">\n<li class=\"font-claude-response-body whitespace-normal break-words pl-2\" data-sourcepos=\"67:1-67:74;4073-4146\"><strong>Un interlocuteur unique<\/strong> du premier rendez-vous \u00e0 la fin du chantier\n<\/li>\n<li class=\"font-claude-response-body whitespace-normal break-words pl-2\" data-sourcepos=\"68:1-68:82;4147-4228\"><strong>Un plan 3D personnalis\u00e9<\/strong>, pour visualiser votre projet avant de vous engager\n<\/li>\n<li class=\"font-claude-response-body whitespace-normal break-words pl-2\" data-sourcepos=\"69:1-69:81;4229-4309\"><strong>Un showroom \u00e0 Lens<\/strong>, pour d\u00e9couvrir nos produits et mat\u00e9riaux en exposition\n<\/li>\n<li class=\"font-claude-response-body whitespace-normal break-words pl-2\" data-sourcepos=\"70:1-70:79;4310-4388\"><strong>Un chantier propre et soign\u00e9<\/strong>, avec un vrai suivi jusqu&rsquo;au bout du projet\n<\/li>\n<li class=\"font-claude-response-body whitespace-normal break-words pl-2\" data-sourcepos=\"71:1-71:92;4389-4480\"><strong>Une \u00e9quipe de plombiers professionnels<\/strong>, \u00e0 votre \u00e9coute sur toute la dur\u00e9e des travaux<\/li>\n<\/ul>\n<p>[\/et_pb_text][\/et_pb_column][\/et_pb_row][\/et_pb_section][et_pb_section fb_built=\u00a0\u00bb1&Prime; admin_label=\u00a0\u00bbFeatures\u00a0\u00bb _builder_version=\u00a0\u00bb4.27.6&Prime; _module_preset=\u00a0\u00bb8013bed2-89f4-418e-a9d0-daf3d8b3a1b4&Prime; collapsed=\u00a0\u00bbon\u00a0\u00bb global_colors_info=\u00a0\u00bb{}\u00a0\u00bb][et_pb_row _builder_version=\u00a0\u00bb4.27.6&Prime; _module_preset=\u00a0\u00bbdefault\u00a0\u00bb global_colors_info=\u00a0\u00bb{}\u00a0\u00bb][et_pb_column type=\u00a0\u00bb4_4&Prime; _builder_version=\u00a0\u00bb4.27.6&Prime; _module_preset=\u00a0\u00bbdefault\u00a0\u00bb global_colors_info=\u00a0\u00bb{}\u00a0\u00bb][et_pb_heading title=\u00a0\u00bbNos zones d&rsquo;intervention\u00a0\u00bb _builder_version=\u00a0\u00bb4.27.6&Prime; _module_preset=\u00a0\u00bbdefault\u00a0\u00bb title_text_align=\u00a0\u00bbcenter\u00a0\u00bb global_colors_info=\u00a0\u00bb{}\u00a0\u00bb][\/et_pb_heading][et_pb_text _builder_version=\u00a0\u00bb4.27.6&Prime; _module_preset=\u00a0\u00bbdefault\u00a0\u00bb text_orientation=\u00a0\u00bbcenter\u00a0\u00bb hover_enabled=\u00a0\u00bb0&Prime; global_colors_info=\u00a0\u00bb{}\u00a0\u00bb sticky_enabled=\u00a0\u00bb0&Prime;]<\/p>\n<p class=\"font-claude-response-body break-words whitespace-normal\" dir=\"ltr\" data-sourcepos=\"85:1-85:98;4998-5095\">Nos plombiers professionnels r\u00e9alisent votre salle de bain sur mesure sur l&rsquo;ensemble de la zone :<\/p>\n<p class=\"font-claude-response-body break-words whitespace-normal\" dir=\"ltr\" data-sourcepos=\"87:1-87:102;5097-5198\"><strong>Lille, la M\u00e9tropole Europ\u00e9enne de Lille (MEL), Orchies, la P\u00e9v\u00e8le, Douai, Saint-Amand-les-Eaux, <\/strong>Templeuve-en-P\u00e9v\u00e8le, Marchiennes, Beuvry-la-For\u00eat, &#8230;<\/p>\n<p>[\/et_pb_text][\/et_pb_column][\/et_pb_row][\/et_pb_section][et_pb_section fb_built=\u00a0\u00bb1&Prime; admin_label=\u00a0\u00bbAbout\u00a0\u00bb _builder_version=\u00a0\u00bb4.27.6&Prime; _module_preset=\u00a0\u00bbdefault\u00a0\u00bb background_color=\u00a0\u00bb#f5f4ef\u00a0\u00bb border_width_bottom=\u00a0\u00bb3px\u00a0\u00bb border_color_bottom=\u00a0\u00bb#f5f4ef\u00a0\u00bb collapsed=\u00a0\u00bbon\u00a0\u00bb global_colors_info=\u00a0\u00bb{}\u00a0\u00bb theme_builder_area=\u00a0\u00bbpost_content\u00a0\u00bb custom_padding=\u00a0\u00bb||100px|||\u00a0\u00bb][et_pb_row _builder_version=\u00a0\u00bb4.27.6&Prime; _module_preset=\u00a0\u00bbdefault\u00a0\u00bb global_colors_info=\u00a0\u00bb{}\u00a0\u00bb theme_builder_area=\u00a0\u00bbpost_content\u00a0\u00bb][et_pb_column type=\u00a0\u00bb4_4&Prime; _builder_version=\u00a0\u00bb4.27.6&Prime; _module_preset=\u00a0\u00bbdefault\u00a0\u00bb global_colors_info=\u00a0\u00bb{}\u00a0\u00bb theme_builder_area=\u00a0\u00bbpost_content\u00a0\u00bb][et_pb_heading title=\u00a0\u00bbQuestions fr\u00e9quentes\u00a0\u00bb _builder_version=\u00a0\u00bb4.27.6&Prime; _module_preset=\u00a0\u00bbdefault\u00a0\u00bb global_colors_info=\u00a0\u00bb{}\u00a0\u00bb theme_builder_area=\u00a0\u00bbpost_content\u00a0\u00bb][\/et_pb_heading][\/et_pb_column][\/et_pb_row][et_pb_row column_structure=\u00a0\u00bb1_3,1_3,1_3&Prime; use_custom_gutter=\u00a0\u00bbon\u00a0\u00bb custom_padding_last_edited=\u00a0\u00bbon|tablet\u00a0\u00bb _builder_version=\u00a0\u00bb4.27.4&Prime; _module_preset=\u00a0\u00bbdefault\u00a0\u00bb custom_padding_tablet=\u00a0\u00bb||0px||false|false\u00a0\u00bb custom_padding_phone=\u00a0\u00bb||0px||false|false\u00a0\u00bb global_colors_info=\u00a0\u00bb{}\u00a0\u00bb theme_builder_area=\u00a0\u00bbpost_content\u00a0\u00bb][et_pb_column type=\u00a0\u00bb1_3&Prime; _builder_version=\u00a0\u00bb4.27.4&Prime; _module_preset=\u00a0\u00bbdefault\u00a0\u00bb global_colors_info=\u00a0\u00bb{}\u00a0\u00bb theme_builder_area=\u00a0\u00bbpost_content\u00a0\u00bb][et_pb_blurb title=\u00a0\u00bbCombien de temps dure la r\u00e9alisation d&rsquo;une salle de bain ?\u00a0\u00bb use_icon=\u00a0\u00bbon\u00a0\u00bb font_icon=\u00a0\u00bb&#xf128;||fa||900&Prime; image_icon_width=\u00a0\u00bb30px\u00a0\u00bb _builder_version=\u00a0\u00bb4.27.6&Prime; _module_preset=\u00a0\u00bb6132219f-01eb-4181-95eb-3e490f4bfd63&Prime; header_level=\u00a0\u00bbh5&Prime; image_icon_custom_padding=\u00a0\u00bb10px|14px|10px|14px|true|true\u00a0\u00bb hover_enabled=\u00a0\u00bb0&Prime; global_colors_info=\u00a0\u00bb{}\u00a0\u00bb theme_builder_area=\u00a0\u00bbpost_content\u00a0\u00bb sticky_enabled=\u00a0\u00bb0&Prime;]<\/p>\n<p>La dur\u00e9e varie selon l&rsquo;ampleur du projet (r\u00e9novation partielle ou cr\u00e9ation compl\u00e8te). Nous vous communiquons un planning pr\u00e9cis d\u00e8s la validation de votre plan 3D.<\/p>\n<p>[\/et_pb_blurb][\/et_pb_column][et_pb_column type=\u00a0\u00bb1_3&Prime; _builder_version=\u00a0\u00bb4.27.4&Prime; _module_preset=\u00a0\u00bbdefault\u00a0\u00bb global_colors_info=\u00a0\u00bb{}\u00a0\u00bb theme_builder_area=\u00a0\u00bbpost_content\u00a0\u00bb][et_pb_blurb title=\u00a0\u00bbProposez-vous des salles de bain adapt\u00e9es PMR ?\u00a0\u00bb use_icon=\u00a0\u00bbon\u00a0\u00bb font_icon=\u00a0\u00bb&#xf128;||fa||900&Prime; image_icon_width=\u00a0\u00bb30px\u00a0\u00bb _builder_version=\u00a0\u00bb4.27.6&Prime; _module_preset=\u00a0\u00bb6132219f-01eb-4181-95eb-3e490f4bfd63&Prime; header_level=\u00a0\u00bbh5&Prime; image_icon_custom_padding=\u00a0\u00bb10px|14px|10px|14px|true|true\u00a0\u00bb hover_enabled=\u00a0\u00bb0&Prime; global_colors_info=\u00a0\u00bb{}\u00a0\u00bb theme_builder_area=\u00a0\u00bbpost_content\u00a0\u00bb sticky_enabled=\u00a0\u00bb0&Prime;]<\/p>\n<p>Oui, nous concevons des salles de bain accessibles et adapt\u00e9es aux personnes \u00e0 mobilit\u00e9 r\u00e9duite, avec douche \u00e0 l&rsquo;italienne, barres d&rsquo;appui et \u00e9quipements sp\u00e9cifiques selon vos besoins.<\/p>\n<p>[\/et_pb_blurb][\/et_pb_column][et_pb_column type=\u00a0\u00bb1_3&Prime; _builder_version=\u00a0\u00bb4.27.4&Prime; _module_preset=\u00a0\u00bbdefault\u00a0\u00bb global_colors_info=\u00a0\u00bb{}\u00a0\u00bb theme_builder_area=\u00a0\u00bbpost_content\u00a0\u00bb][et_pb_blurb title=\u00a0\u00bbLe chantier est-il pris en charge de A \u00e0 Z ?\u00a0\u00bb use_icon=\u00a0\u00bbon\u00a0\u00bb font_icon=\u00a0\u00bb&#xf128;||fa||900&Prime; image_icon_width=\u00a0\u00bb30px\u00a0\u00bb _builder_version=\u00a0\u00bb4.27.6&Prime; _module_preset=\u00a0\u00bb6132219f-01eb-4181-95eb-3e490f4bfd63&Prime; header_level=\u00a0\u00bbh5&Prime; image_icon_custom_padding=\u00a0\u00bb10px|14px|10px|14px|true|true\u00a0\u00bb hover_enabled=\u00a0\u00bb0&Prime; global_colors_info=\u00a0\u00bb{}\u00a0\u00bb theme_builder_area=\u00a0\u00bbpost_content\u00a0\u00bb sticky_enabled=\u00a0\u00bb0&Prime;]<\/p>\n<p>Oui, un technicien unique vous accompagne du premier rendez-vous jusqu&rsquo;\u00e0 la fin des travaux, en veillant \u00e0 la propret\u00e9 du chantier tout au long du projet.<\/p>\n<p>[\/et_pb_blurb][\/et_pb_column][\/et_pb_row][\/et_pb_section][et_pb_section fb_built=\u00a0\u00bb1&Prime; admin_label=\u00a0\u00bbCall to Action\u00a0\u00bb _builder_version=\u00a0\u00bb4.27.4&Prime; _module_preset=\u00a0\u00bbdefault\u00a0\u00bb collapsed=\u00a0\u00bbon\u00a0\u00bb global_colors_info=\u00a0\u00bb{}\u00a0\u00bb theme_builder_area=\u00a0\u00bbpost_content\u00a0\u00bb custom_padding=\u00a0\u00bb80px|||||\u00a0\u00bb][et_pb_row use_custom_gutter=\u00a0\u00bbon\u00a0\u00bb make_equal=\u00a0\u00bbon\u00a0\u00bb _builder_version=\u00a0\u00bb4.27.6&Prime; _module_preset=\u00a0\u00bbdefault\u00a0\u00bb hover_enabled=\u00a0\u00bb0&Prime; global_colors_info=\u00a0\u00bb{}\u00a0\u00bb theme_builder_area=\u00a0\u00bbpost_content\u00a0\u00bb sticky_enabled=\u00a0\u00bb0&Prime;][et_pb_column type=\u00a0\u00bb4_4&Prime; _builder_version=\u00a0\u00bb4.27.4&Prime; _module_preset=\u00a0\u00bbb45a4d0b-67ab-47ff-8cd1-509571c094e7&Prime; global_colors_info=\u00a0\u00bb{}\u00a0\u00bb theme_builder_area=\u00a0\u00bbpost_content\u00a0\u00bb][et_pb_heading title=\u00a0\u00bbContactez-nous !\u00a0\u00bb _builder_version=\u00a0\u00bb4.27.6&Prime; _module_preset=\u00a0\u00bbc8548eb6-c71f-4f8e-8a5d-b811152cb288&Prime; title_font=\u00a0\u00bbRoboto Condensed|700||on|||||\u00a0\u00bb title_text_color=\u00a0\u00bb#FFFFFF\u00a0\u00bb custom_margin=\u00a0\u00bb||5%||false|false\u00a0\u00bb hover_enabled=\u00a0\u00bb0&Prime; global_colors_info=\u00a0\u00bb{}\u00a0\u00bb theme_builder_area=\u00a0\u00bbpost_content\u00a0\u00bb sticky_enabled=\u00a0\u00bb0&Prime;][\/et_pb_heading][et_pb_heading title=\u00a0\u00bbUn projet de salle de bain \u00e0 Lille, Douai ou dans la P\u00e9v\u00e8le ?\u00a0\u00bb _builder_version=\u00a0\u00bb4.27.6&Prime; _module_preset=\u00a0\u00bb189212ab-08c9-4128-8194-3f4645a2d56a\u00a0\u00bb title_text_color=\u00a0\u00bb#FFFFFF\u00a0\u00bb title_font_size=\u00a0\u00bb48px\u00a0\u00bb hover_enabled=\u00a0\u00bb0&Prime; global_colors_info=\u00a0\u00bb{}\u00a0\u00bb theme_builder_area=\u00a0\u00bbpost_content\u00a0\u00bb sticky_enabled=\u00a0\u00bb0&Prime;][\/et_pb_heading][et_pb_text _builder_version=\u00a0\u00bb4.27.6&Prime; _module_preset=\u00a0\u00bb79ad260a-9143-40aa-8574-3a912f2a9ef6&Prime; hover_enabled=\u00a0\u00bb0&Prime; global_colors_info=\u00a0\u00bb{}\u00a0\u00bb theme_builder_area=\u00a0\u00bbpost_content\u00a0\u00bb sticky_enabled=\u00a0\u00bb0&Prime;]<\/p>\n<p>Contactez Artisan Confort Chaud &amp; Froid pour un premier rendez-vous et un plan 3D personnalis\u00e9.<\/p>\n<p>[\/et_pb_text][et_pb_heading title=\u00a0\u00bb06 844 60 840&Prime; _builder_version=\u00a0\u00bb4.27.6&Prime; _module_preset=\u00a0\u00bb01b6f47e-3303-43b2-967f-61ddc4b78912&Prime; title_text_color=\u00a0\u00bb#FFFFFF\u00a0\u00bb global_colors_info=\u00a0\u00bb{}\u00a0\u00bb theme_builder_area=\u00a0\u00bbpost_content\u00a0\u00bb][\/et_pb_heading][et_pb_button button_url=\u00a0\u00bbhttps:\/\/polygraphics-crea.fr\/artisan-confort\/contact\/\u00a0\u00bb button_text=\u00a0\u00bbContactez-Nous\u00a0\u00bb _builder_version=\u00a0\u00bb4.27.6&Prime; _module_preset=\u00a0\u00bbd0ba6d87-ed96-4a43-adad-df0652db209f\u00a0\u00bb global_colors_info=\u00a0\u00bb{}\u00a0\u00bb theme_builder_area=\u00a0\u00bbpost_content\u00a0\u00bb][\/et_pb_button][\/et_pb_column][\/et_pb_row][\/et_pb_section]<\/p>\n","protected":false},"excerpt":{"rendered":"<p>Vous souhaitez cr\u00e9er ou r\u00e9nover votre salle de bain ? Artisan Confort Chaud &amp; Froid vous accompagne du plan 3D jusqu&rsquo;\u00e0 la r\u00e9alisation finale, pour tous types de projets : douche \u00e0 l&rsquo;italienne, salle de bain classique, contemporaine ou adapt\u00e9e aux personnes \u00e0 mobilit\u00e9 r\u00e9duite (PMR). Notre \u00e9quipe de plombiers professionnels vous garantit un accompagnement [&hellip;]<\/p>\n","protected":false},"author":1,"featured_media":0,"parent":0,"menu_order":0,"comment_status":"closed","ping_status":"closed","template":"","meta":{"_et_pb_use_builder":"on","_et_pb_old_content":"","_et_gb_content_width":"","footnotes":""},"class_list":["post-230","page","type-page","status-publish","hentry"],"_links":{"self":[{"href":"https:\/\/polygraphics-crea.fr\/artisan-confort\/wp-json\/wp\/v2\/pages\/230","targetHints":{"allow":["GET"]}}],"collection":[{"href":"https:\/\/polygraphics-crea.fr\/artisan-confort\/wp-json\/wp\/v2\/pages"}],"about":[{"href":"https:\/\/polygraphics-crea.fr\/artisan-confort\/wp-json\/wp\/v2\/types\/page"}],"author":[{"embeddable":true,"href":"https:\/\/polygraphics-crea.fr\/artisan-confort\/wp-json\/wp\/v2\/users\/1"}],"replies":[{"embeddable":true,"href":"https:\/\/polygraphics-crea.fr\/artisan-confort\/wp-json\/wp\/v2\/comments?post=230"}],"version-history":[{"count":8,"href":"https:\/\/polygraphics-crea.fr\/artisan-confort\/wp-json\/wp\/v2\/pages\/230\/revisions"}],"predecessor-version":[{"id":303,"href":"https:\/\/polygraphics-crea.fr\/artisan-confort\/wp-json\/wp\/v2\/pages\/230\/revisions\/303"}],"wp:attachment":[{"href":"https:\/\/polygraphics-crea.fr\/artisan-confort\/wp-json\/wp\/v2\/media?parent=230"}],"curies":[{"name":"wp","href":"https:\/\/api.w.org\/{rel}","templated":true}]}}