{"id":178,"date":"2026-07-21T17:17:54","date_gmt":"2026-07-21T15:17:54","guid":{"rendered":"https:\/\/polygraphics-crea.fr\/artisan-confort\/?page_id=178"},"modified":"2026-08-17T14:57:43","modified_gmt":"2026-08-17T12:57:43","slug":"chauffage","status":"publish","type":"page","link":"https:\/\/polygraphics-crea.fr\/artisan-confort\/chauffage\/","title":{"rendered":"Chauffage"},"content":{"rendered":"<p>[et_pb_section fb_built=\u00a0\u00bb1&Prime; admin_label=\u00a0\u00bbHeader\u00a0\u00bb _builder_version=\u00a0\u00bb4.27.6&Prime; _module_preset=\u00a0\u00bb072d238d-512c-40e1-8a4e-88a5177746ee\u00a0\u00bb background_image=\u00a0\u00bbhttps:\/\/polygraphics-crea.fr\/artisan-confort\/wp-content\/uploads\/2026\/07\/chauffage-coutiches-scaled.jpg\u00a0\u00bb collapsed=\u00a0\u00bbon\u00a0\u00bb global_colors_info=\u00a0\u00bb{}\u00a0\u00bb][et_pb_row _builder_version=\u00a0\u00bb4.27.4&Prime; _module_preset=\u00a0\u00bbdefault\u00a0\u00bb global_colors_info=\u00a0\u00bb{}\u00a0\u00bb][et_pb_column type=\u00a0\u00bb4_4&Prime; _builder_version=\u00a0\u00bb4.27.4&Prime; _module_preset=\u00a0\u00bbdefault\u00a0\u00bb global_colors_info=\u00a0\u00bb{}\u00a0\u00bb][et_pb_heading title=\u00a0\u00bbInstallation et entretien de chauffage \u00e0 Coutiches et dans la P\u00e9v\u00e8le\u00a0\u00bb _builder_version=\u00a0\u00bb4.27.6&Prime; _module_preset=\u00a0\u00bbc1904bd7-fe23-4884-b76d-62d336d6762e\u00a0\u00bb title_text_align=\u00a0\u00bbleft\u00a0\u00bb title_text_color=\u00a0\u00bb#FFFFFF\u00a0\u00bb global_colors_info=\u00a0\u00bb{}\u00a0\u00bb][\/et_pb_heading][et_pb_text _builder_version=\u00a0\u00bb4.27.6&Prime; _module_preset=\u00a0\u00bbdefault\u00a0\u00bb text_text_color=\u00a0\u00bb#FFFFFF\u00a0\u00bb global_colors_info=\u00a0\u00bb{}\u00a0\u00bb]<\/p>\n<p>Vous recherchez un chauffagiste de confiance \u00e0 Coutiches ou dans les environs de la P\u00e9v\u00e8le ? Artisan Confort Chaud &amp; Froid vous accompagne dans tous vos projets de chauffage : installation, remplacement, d\u00e9pannage et entretien. Chaudi\u00e8res, pompes \u00e0 chaleur, chauffe-eau thermodynamiques&#8230;<\/p>\n<p>Notre \u00e9quipe de professionnels qualifi\u00e9s RGE vous propose des solutions adapt\u00e9es \u00e0 votre logement, votre budget et vos besoins en confort thermique, \u00e9t\u00e9 comme hiver.<\/p>\n<p>[\/et_pb_text][et_pb_text _builder_version=\u00a0\u00bb4.27.6&Prime; _module_preset=\u00a0\u00bbdefault\u00a0\u00bb text_text_color=\u00a0\u00bb#FFFFFF\u00a0\u00bb global_colors_info=\u00a0\u00bb{}\u00a0\u00bb]<\/p>\n<p><strong>Un projet de chauffage \u00e0 Coutiches ou dans la P\u00e9v\u00e8le ?<\/strong> Contactez Artisan Confort Chaud &amp; Froid d\u00e8s aujourd&rsquo;hui pour un devis gratuit et sans engagement.<\/p>\n<p>[\/et_pb_text][et_pb_button button_url=\u00a0\u00bbtel:+33684460840&Prime; button_text=\u00a0\u00bbAppelez-nous\u00a0\u00bb _builder_version=\u00a0\u00bb4.27.6&Prime; _module_preset=\u00a0\u00bbdefault\u00a0\u00bb global_colors_info=\u00a0\u00bb{}\u00a0\u00bb][\/et_pb_button][\/et_pb_column][\/et_pb_row][\/et_pb_section][et_pb_section fb_built=\u00a0\u00bb1&Prime; admin_label=\u00a0\u00bbAbout\u00a0\u00bb _builder_version=\u00a0\u00bb4.27.6&Prime; _module_preset=\u00a0\u00bbdefault\u00a0\u00bb background_color=\u00a0\u00bb#f5f4ef\u00a0\u00bb collapsed=\u00a0\u00bbon\u00a0\u00bb global_colors_info=\u00a0\u00bb{}\u00a0\u00bb][et_pb_row _builder_version=\u00a0\u00bb4.27.6&Prime; _module_preset=\u00a0\u00bbdefault\u00a0\u00bb global_colors_info=\u00a0\u00bb{}\u00a0\u00bb][et_pb_column type=\u00a0\u00bb4_4&Prime; _builder_version=\u00a0\u00bb4.27.6&Prime; _module_preset=\u00a0\u00bbdefault\u00a0\u00bb global_colors_info=\u00a0\u00bb{}\u00a0\u00bb][et_pb_heading title=\u00a0\u00bbNos solutions de chauffage\u00a0\u00bb _builder_version=\u00a0\u00bb4.27.6&Prime; _module_preset=\u00a0\u00bbdefault\u00a0\u00bb global_colors_info=\u00a0\u00bb{}\u00a0\u00bb][\/et_pb_heading][\/et_pb_column][\/et_pb_row][et_pb_row column_structure=\u00a0\u00bb1_3,1_3,1_3&Prime; use_custom_gutter=\u00a0\u00bbon\u00a0\u00bb custom_padding_last_edited=\u00a0\u00bbon|tablet\u00a0\u00bb _builder_version=\u00a0\u00bb4.27.4&Prime; _module_preset=\u00a0\u00bbdefault\u00a0\u00bb custom_padding_tablet=\u00a0\u00bb||0px||false|false\u00a0\u00bb custom_padding_phone=\u00a0\u00bb||0px||false|false\u00a0\u00bb global_colors_info=\u00a0\u00bb{}\u00a0\u00bb][et_pb_column type=\u00a0\u00bb1_3&Prime; _builder_version=\u00a0\u00bb4.27.4&Prime; _module_preset=\u00a0\u00bbdefault\u00a0\u00bb global_colors_info=\u00a0\u00bb{}\u00a0\u00bb][et_pb_blurb title=\u00a0\u00bbInstallation de chaudi\u00e8res\u00a0\u00bb use_icon=\u00a0\u00bbon\u00a0\u00bb font_icon=\u00a0\u00bb&#xf46a;||fa||900&Prime; image_icon_width=\u00a0\u00bb30px\u00a0\u00bb _builder_version=\u00a0\u00bb4.27.6&Prime; _module_preset=\u00a0\u00bb6132219f-01eb-4181-95eb-3e490f4bfd63&Prime; header_level=\u00a0\u00bbh3&Prime; header_font_size=\u00a0\u00bb24px\u00a0\u00bb image_icon_custom_padding=\u00a0\u00bb10px|14px|10px|14px|true|true\u00a0\u00bb global_colors_info=\u00a0\u00bb{}\u00a0\u00bb]<\/p>\n<p>Que vous optiez pour une chaudi\u00e8re \u00e0 gaz, \u00e0 granul\u00e9s ou toute autre \u00e9nergie, Artisan Confort vous accompagne dans le choix et la pose de votre nouvelle chaudi\u00e8re. Nous travaillons avec des marques reconnues pour leur fiabilit\u00e9 et leur performance \u00e9nerg\u00e9tique, afin de vous garantir un chauffage efficace et \u00e9conome sur le long terme.<\/p>\n<p>[\/et_pb_blurb][\/et_pb_column][et_pb_column type=\u00a0\u00bb1_3&Prime; _builder_version=\u00a0\u00bb4.27.4&Prime; _module_preset=\u00a0\u00bbdefault\u00a0\u00bb global_colors_info=\u00a0\u00bb{}\u00a0\u00bb][et_pb_blurb title=\u00a0\u00bbPompes \u00e0 chaleur (PAC)\u00a0\u00bb use_icon=\u00a0\u00bbon\u00a0\u00bb font_icon=\u00a0\u00bb&#xf46a;||fa||900&Prime; image_icon_width=\u00a0\u00bb30px\u00a0\u00bb _builder_version=\u00a0\u00bb4.27.6&Prime; _module_preset=\u00a0\u00bb6132219f-01eb-4181-95eb-3e490f4bfd63&Prime; header_level=\u00a0\u00bbh3&Prime; header_font_size=\u00a0\u00bb24px\u00a0\u00bb image_icon_custom_padding=\u00a0\u00bb10px|14px|10px|14px|true|true\u00a0\u00bb locked=\u00a0\u00bboff\u00a0\u00bb global_colors_info=\u00a0\u00bb{}\u00a0\u00bb]<\/p>\n<p>La pompe \u00e0 chaleur est une solution performante et respectueuse de l&rsquo;environnement pour chauffer votre logement. Air\/eau, air\/air ou r\u00e9versible, nous \u00e9tudions avec vous la solution la plus adapt\u00e9e \u00e0 votre habitation pour optimiser votre confort tout en r\u00e9duisant votre consommation \u00e9nerg\u00e9tique.<\/p>\n<p>[\/et_pb_blurb][\/et_pb_column][et_pb_column type=\u00a0\u00bb1_3&Prime; _builder_version=\u00a0\u00bb4.27.4&Prime; _module_preset=\u00a0\u00bbdefault\u00a0\u00bb global_colors_info=\u00a0\u00bb{}\u00a0\u00bb][et_pb_blurb title=\u00a0\u00bbChauffe-eau et production d&rsquo;eau chaude sanitaire\u00a0\u00bb use_icon=\u00a0\u00bbon\u00a0\u00bb font_icon=\u00a0\u00bb&#xf46a;||fa||900&Prime; image_icon_width=\u00a0\u00bb30px\u00a0\u00bb _builder_version=\u00a0\u00bb4.27.6&Prime; _module_preset=\u00a0\u00bb6132219f-01eb-4181-95eb-3e490f4bfd63&Prime; header_level=\u00a0\u00bbh3&Prime; header_font_size=\u00a0\u00bb24px\u00a0\u00bb image_icon_custom_padding=\u00a0\u00bb10px|14px|10px|14px|true|true\u00a0\u00bb locked=\u00a0\u00bboff\u00a0\u00bb global_colors_info=\u00a0\u00bb{}\u00a0\u00bb]<\/p>\n<p>Chauffe-eau thermodynamique, \u00e9lectrique ou solaire : Artisan Confort installe des \u00e9quipements performants pour une eau chaude disponible \u00e0 tout moment, avec des solutions pens\u00e9es pour limiter votre consommation d&rsquo;\u00e9nergie.<\/p>\n<p>[\/et_pb_blurb][\/et_pb_column][\/et_pb_row][\/et_pb_section][et_pb_section fb_built=\u00a0\u00bb1&Prime; admin_label=\u00a0\u00bbAbout\u00a0\u00bb _builder_version=\u00a0\u00bb4.27.6&Prime; _module_preset=\u00a0\u00bbdefault\u00a0\u00bb background_color=\u00a0\u00bb#f5f4ef\u00a0\u00bb collapsed=\u00a0\u00bbon\u00a0\u00bb global_colors_info=\u00a0\u00bb{}\u00a0\u00bb][et_pb_row column_structure=\u00a0\u00bb1_2,1_2&Prime; use_custom_gutter=\u00a0\u00bbon\u00a0\u00bb _builder_version=\u00a0\u00bb4.27.4&Prime; _module_preset=\u00a0\u00bbdefault\u00a0\u00bb global_colors_info=\u00a0\u00bb{}\u00a0\u00bb][et_pb_column type=\u00a0\u00bb1_2&Prime; _builder_version=\u00a0\u00bb4.27.4&Prime; _module_preset=\u00a0\u00bbdefault\u00a0\u00bb global_colors_info=\u00a0\u00bb{}\u00a0\u00bb][et_pb_heading title=\u00a0\u00bbPourquoi choisir Artisan Confort pour votre projet de chauffage ?\u00a0\u00bb _builder_version=\u00a0\u00bb4.27.6&Prime; _module_preset=\u00a0\u00bbdefault\u00a0\u00bb global_colors_info=\u00a0\u00bb{}\u00a0\u00bb][\/et_pb_heading][et_pb_text _builder_version=\u00a0\u00bb4.27.6&Prime; _module_preset=\u00a0\u00bbdefault\u00a0\u00bb global_colors_info=\u00a0\u00bb{}\u00a0\u00bb]<\/p>\n<p class=\"font-claude-response-body break-words whitespace-normal\" dir=\"ltr\" data-sourcepos=\"48:1-48:189;2261-2449\">Artisan Confort Chaud &amp; Froid intervient \u00e0 Coutiches et dans l&rsquo;ensemble de la P\u00e9v\u00e8le pour tous vos travaux de chauffage. Notre expertise et notre engagement qualit\u00e9 font notre diff\u00e9rence :<\/p>\n<p class=\"font-claude-response-body break-words whitespace-normal\" dir=\"ltr\" data-sourcepos=\"48:1-48:189;2261-2449\">\n<ul dir=\"ltr\" class=\"[li_&amp;]:mb-0 [li_&amp;]:mt-1 [li_&amp;]:gap-1 [&amp;:not(:last-child)_ul]:pb-1 [&amp;:not(:last-child)_ol]:pb-1 list-disc flex flex-col gap-1 pl-8 mb-3 print:block print:space-y-1\" data-sourcepos=\"50:1-54:78;2451-2950\">\n<li class=\"font-claude-response-body whitespace-normal break-words pl-2\" data-sourcepos=\"50:1-50:162;2451-2612\"><strong>Entreprise certifi\u00e9e RGE<\/strong> : vos travaux peuvent \u00eatre \u00e9ligibles aux aides financi\u00e8res telles que MaPrimeR\u00e9nov&rsquo; ou les Certificats d&rsquo;\u00c9conomies d&rsquo;\u00c9nergie (CEE)<\/li>\n<li class=\"font-claude-response-body whitespace-normal break-words pl-2\" data-sourcepos=\"51:1-51:79;2613-2691\"><strong>Devis gratuit et personnalis\u00e9<\/strong>, adapt\u00e9 \u00e0 votre logement et \u00e0 votre budget<\/li>\n<li class=\"font-claude-response-body whitespace-normal break-words pl-2\" data-sourcepos=\"52:1-52:87;2692-2778\"><strong>\u00c9quipe form\u00e9e r\u00e9guli\u00e8rement<\/strong> aux derni\u00e8res technologies et innovations du secteur<\/li>\n<li class=\"font-claude-response-body whitespace-normal break-words pl-2\" data-sourcepos=\"53:1-53:94;2779-2872\"><strong>Suivi et entretien<\/strong> de vos \u00e9quipements pour garantir leur durabilit\u00e9 et leur performance<\/li>\n<li class=\"font-claude-response-body whitespace-normal break-words pl-2\" data-sourcepos=\"54:1-54:78;2873-2950\"><strong>Intervention rapide<\/strong> sur Coutiches et l&rsquo;ensemble du secteur de la P\u00e9v\u00e8le<\/li>\n<\/ul>\n<p>[\/et_pb_text][\/et_pb_column][et_pb_column type=\u00a0\u00bb1_2&Prime; _builder_version=\u00a0\u00bb4.27.4&Prime; _module_preset=\u00a0\u00bbdefault\u00a0\u00bb global_colors_info=\u00a0\u00bb{}\u00a0\u00bb][et_pb_image src=\u00a0\u00bbhttps:\/\/polygraphics-crea.fr\/artisan-confort\/wp-content\/uploads\/2026\/08\/philippe_davenne_artisan_confort.jpeg\u00a0\u00bb alt=\u00a0\u00bbphilippe davenne artisan confort\u00a0\u00bb title_text=\u00a0\u00bbphilippe_davenne_artisan_confort\u00a0\u00bb _builder_version=\u00a0\u00bb4.27.6&Prime; _module_preset=\u00a0\u00bb5353a98c-22dd-472b-9592-624a407e671d\u00a0\u00bb global_colors_info=\u00a0\u00bb{}\u00a0\u00bb][\/et_pb_image][\/et_pb_column][\/et_pb_row][\/et_pb_section][et_pb_section fb_built=\u00a0\u00bb1&Prime; admin_label=\u00a0\u00bbFeatures\u00a0\u00bb _builder_version=\u00a0\u00bb4.27.6&Prime; _module_preset=\u00a0\u00bb8013bed2-89f4-418e-a9d0-daf3d8b3a1b4&Prime; collapsed=\u00a0\u00bbon\u00a0\u00bb global_colors_info=\u00a0\u00bb{}\u00a0\u00bb][et_pb_row _builder_version=\u00a0\u00bb4.27.6&Prime; _module_preset=\u00a0\u00bbdefault\u00a0\u00bb global_colors_info=\u00a0\u00bb{}\u00a0\u00bb][et_pb_column type=\u00a0\u00bb4_4&Prime; _builder_version=\u00a0\u00bb4.27.6&Prime; _module_preset=\u00a0\u00bbdefault\u00a0\u00bb global_colors_info=\u00a0\u00bb{}\u00a0\u00bb][et_pb_heading title=\u00a0\u00bbNos zones d&rsquo;intervention\u00a0\u00bb _builder_version=\u00a0\u00bb4.27.6&Prime; _module_preset=\u00a0\u00bbdefault\u00a0\u00bb title_text_align=\u00a0\u00bbcenter\u00a0\u00bb global_colors_info=\u00a0\u00bb{}\u00a0\u00bb][\/et_pb_heading][et_pb_text _builder_version=\u00a0\u00bb4.27.6&Prime; _module_preset=\u00a0\u00bbdefault\u00a0\u00bb text_orientation=\u00a0\u00bbcenter\u00a0\u00bb global_colors_info=\u00a0\u00bb{}\u00a0\u00bb]<\/p>\n<p class=\"font-claude-response-body break-words whitespace-normal\" dir=\"ltr\" data-sourcepos=\"48:1-48:189;2261-2449\">Artisan Confort Chaud &amp; Froid intervient \u00e0 Coutiches et dans toutes les communes environnantes de la P\u00e9v\u00e8le pour vos projets de chauffage, climatisation et eau chaude sanitaire : Orchies, Douai, Saint-Amand, Templeuve-en-P\u00e9v\u00e8le, Marchiennes, Beuvry-la-For\u00eat, &#8230;<\/p>\n<p>[\/et_pb_text][\/et_pb_column][\/et_pb_row][\/et_pb_section][et_pb_section fb_built=\u00a0\u00bb1&Prime; admin_label=\u00a0\u00bbAbout\u00a0\u00bb _builder_version=\u00a0\u00bb4.27.6&Prime; _module_preset=\u00a0\u00bbdefault\u00a0\u00bb background_color=\u00a0\u00bb#f5f4ef\u00a0\u00bb border_width_bottom=\u00a0\u00bb3px\u00a0\u00bb border_color_bottom=\u00a0\u00bb#f5f4ef\u00a0\u00bb collapsed=\u00a0\u00bbon\u00a0\u00bb global_colors_info=\u00a0\u00bb{}\u00a0\u00bb][et_pb_row column_structure=\u00a0\u00bb2_5,3_5&Prime; use_custom_gutter=\u00a0\u00bbon\u00a0\u00bb _builder_version=\u00a0\u00bb4.27.6&Prime; _module_preset=\u00a0\u00bbdefault\u00a0\u00bb custom_margin=\u00a0\u00bb50px||||false|false\u00a0\u00bb global_colors_info=\u00a0\u00bb{}\u00a0\u00bb][et_pb_column type=\u00a0\u00bb2_5&Prime; _builder_version=\u00a0\u00bb4.27.4&Prime; _module_preset=\u00a0\u00bbdefault\u00a0\u00bb global_colors_info=\u00a0\u00bb{}\u00a0\u00bb][et_pb_image src=\u00a0\u00bbhttps:\/\/polygraphics-crea.fr\/artisan-confort\/wp-content\/uploads\/2026\/08\/aides_chauffage-scaled.jpg\u00a0\u00bb alt=\u00a0\u00bbaides chauffage\u00a0\u00bb title_text=\u00a0\u00bbphilippe_davenne_artisan_confort\u00a0\u00bb _builder_version=\u00a0\u00bb4.27.6&Prime; _module_preset=\u00a0\u00bb5353a98c-22dd-472b-9592-624a407e671d\u00a0\u00bb global_colors_info=\u00a0\u00bb{}\u00a0\u00bb][\/et_pb_image][\/et_pb_column][et_pb_column type=\u00a0\u00bb3_5&Prime; _builder_version=\u00a0\u00bb4.27.4&Prime; _module_preset=\u00a0\u00bbdefault\u00a0\u00bb global_colors_info=\u00a0\u00bb{}\u00a0\u00bb][et_pb_heading title=\u00a0\u00bbLes aides financi\u00e8res pour vos travaux de chauffage\u00a0\u00bb _builder_version=\u00a0\u00bb4.27.6&Prime; _module_preset=\u00a0\u00bbdefault\u00a0\u00bb title_text_align=\u00a0\u00bbleft\u00a0\u00bb global_colors_info=\u00a0\u00bb{}\u00a0\u00bb][\/et_pb_heading][et_pb_text _builder_version=\u00a0\u00bb4.27.6&Prime; _module_preset=\u00a0\u00bbdefault\u00a0\u00bb global_colors_info=\u00a0\u00bb{}\u00a0\u00bb]<\/p>\n<p class=\"font-claude-response-body break-words whitespace-normal\" dir=\"ltr\" data-sourcepos=\"68:1-68:148;3416-3563\">Le remplacement de votre syst\u00e8me de chauffage par un \u00e9quipement plus performant peut vous permettre de b\u00e9n\u00e9ficier de plusieurs dispositifs d&rsquo;aide :<\/p>\n<ul dir=\"ltr\" class=\"[li_&amp;]:mb-0 [li_&amp;]:mt-1 [li_&amp;]:gap-1 [&amp;:not(:last-child)_ul]:pb-1 [&amp;:not(:last-child)_ol]:pb-1 list-disc flex flex-col gap-1 pl-8 mb-3 print:block print:space-y-1\" data-sourcepos=\"70:1-72:74;3565-3704\">\n<li class=\"font-claude-response-body whitespace-normal break-words pl-2\" data-sourcepos=\"70:1-70:20;3565-3584\"><strong>MaPrimeR\u00e9nov&rsquo;<\/strong><\/li>\n<li class=\"font-claude-response-body whitespace-normal break-words pl-2\" data-sourcepos=\"71:1-71:46;3585-3630\"><strong>Certificats d&rsquo;\u00c9conomies d&rsquo;\u00c9nergie (CEE)<\/strong><\/li>\n<li class=\"font-claude-response-body whitespace-normal break-words pl-2\" data-sourcepos=\"72:1-72:74;3631-3704\"><strong>TVA \u00e0 taux r\u00e9duit (5,5%)<\/strong> pour les travaux de r\u00e9novation \u00e9nerg\u00e9tique<\/li>\n<\/ul>\n<p class=\"font-claude-response-body break-words whitespace-normal\" dir=\"ltr\" data-sourcepos=\"74:1-74:162;3706-3867\">En tant qu&rsquo;entreprise certifi\u00e9e RGE, Artisan Confort vous accompagne dans vos d\u00e9marches pour b\u00e9n\u00e9ficier de ces aides et optimiser le financement de votre projet.<\/p>\n<p>[\/et_pb_text][\/et_pb_column][\/et_pb_row][\/et_pb_section][et_pb_section fb_built=\u00a0\u00bb1&Prime; admin_label=\u00a0\u00bbAbout\u00a0\u00bb _builder_version=\u00a0\u00bb4.27.6&Prime; _module_preset=\u00a0\u00bbdefault\u00a0\u00bb background_color=\u00a0\u00bb#f5f4ef\u00a0\u00bb border_width_bottom=\u00a0\u00bb3px\u00a0\u00bb border_color_bottom=\u00a0\u00bb#f5f4ef\u00a0\u00bb collapsed=\u00a0\u00bbon\u00a0\u00bb global_colors_info=\u00a0\u00bb{}\u00a0\u00bb][et_pb_row _builder_version=\u00a0\u00bb4.27.6&Prime; _module_preset=\u00a0\u00bbdefault\u00a0\u00bb global_colors_info=\u00a0\u00bb{}\u00a0\u00bb][et_pb_column type=\u00a0\u00bb4_4&Prime; _builder_version=\u00a0\u00bb4.27.6&Prime; _module_preset=\u00a0\u00bbdefault\u00a0\u00bb global_colors_info=\u00a0\u00bb{}\u00a0\u00bb][et_pb_heading title=\u00a0\u00bbQuestions fr\u00e9quentes\u00a0\u00bb _builder_version=\u00a0\u00bb4.27.6&Prime; _module_preset=\u00a0\u00bbdefault\u00a0\u00bb global_colors_info=\u00a0\u00bb{}\u00a0\u00bb][\/et_pb_heading][\/et_pb_column][\/et_pb_row][et_pb_row column_structure=\u00a0\u00bb1_3,1_3,1_3&Prime; use_custom_gutter=\u00a0\u00bbon\u00a0\u00bb custom_padding_last_edited=\u00a0\u00bbon|tablet\u00a0\u00bb _builder_version=\u00a0\u00bb4.27.4&Prime; _module_preset=\u00a0\u00bbdefault\u00a0\u00bb custom_padding_tablet=\u00a0\u00bb||0px||false|false\u00a0\u00bb custom_padding_phone=\u00a0\u00bb||0px||false|false\u00a0\u00bb global_colors_info=\u00a0\u00bb{}\u00a0\u00bb][et_pb_column type=\u00a0\u00bb1_3&Prime; _builder_version=\u00a0\u00bb4.27.4&Prime; _module_preset=\u00a0\u00bbdefault\u00a0\u00bb global_colors_info=\u00a0\u00bb{}\u00a0\u00bb][et_pb_blurb title=\u00a0\u00bbQuel est le prix d&rsquo;installation d&rsquo;une chaudi\u00e8re ou d&rsquo;une pompe \u00e0 chaleur ?\u00a0\u00bb use_icon=\u00a0\u00bbon\u00a0\u00bb font_icon=\u00a0\u00bb&#xf128;||fa||900&Prime; image_icon_width=\u00a0\u00bb30px\u00a0\u00bb _builder_version=\u00a0\u00bb4.27.6&Prime; _module_preset=\u00a0\u00bb6132219f-01eb-4181-95eb-3e490f4bfd63&Prime; header_level=\u00a0\u00bbh5&Prime; image_icon_custom_padding=\u00a0\u00bb10px|14px|10px|14px|true|true\u00a0\u00bb global_colors_info=\u00a0\u00bb{}\u00a0\u00bb]<\/p>\n<p>Le co\u00fbt d\u00e9pend de plusieurs facteurs : type d&rsquo;\u00e9quipement, puissance n\u00e9cessaire, configuration de votre logement. Artisan Confort vous propose un devis gratuit et personnalis\u00e9 apr\u00e8s \u00e9tude de votre projet.<\/p>\n<p>[\/et_pb_blurb][\/et_pb_column][et_pb_column type=\u00a0\u00bb1_3&Prime; _builder_version=\u00a0\u00bb4.27.4&Prime; _module_preset=\u00a0\u00bbdefault\u00a0\u00bb global_colors_info=\u00a0\u00bb{}\u00a0\u00bb][et_pb_blurb title=\u00a0\u00bbSuis-je \u00e9ligible aux aides pour changer mon syst\u00e8me de chauffage ?\u00a0\u00bb use_icon=\u00a0\u00bbon\u00a0\u00bb font_icon=\u00a0\u00bb&#xf128;||fa||900&Prime; image_icon_width=\u00a0\u00bb30px\u00a0\u00bb _builder_version=\u00a0\u00bb4.27.6&Prime; _module_preset=\u00a0\u00bb6132219f-01eb-4181-95eb-3e490f4bfd63&Prime; header_level=\u00a0\u00bbh5&Prime; image_icon_custom_padding=\u00a0\u00bb10px|14px|10px|14px|true|true\u00a0\u00bb global_colors_info=\u00a0\u00bb{}\u00a0\u00bb]<\/p>\n<p>Cela d\u00e9pend de vos revenus, de votre logement et du type de travaux engag\u00e9s. En tant qu&rsquo;entreprise RGE, nous pouvons faire un point avec vous sur votre \u00e9ligibilit\u00e9 aux aides disponibles.<\/p>\n<p>[\/et_pb_blurb][\/et_pb_column][et_pb_column type=\u00a0\u00bb1_3&Prime; _builder_version=\u00a0\u00bb4.27.4&Prime; _module_preset=\u00a0\u00bbdefault\u00a0\u00bb global_colors_info=\u00a0\u00bb{}\u00a0\u00bb][et_pb_blurb title=\u00a0\u00bbIntervenez-vous en urgence pour une panne de chauffage ?\u00a0\u00bb use_icon=\u00a0\u00bbon\u00a0\u00bb font_icon=\u00a0\u00bb&#xf128;||fa||900&Prime; image_icon_width=\u00a0\u00bb30px\u00a0\u00bb _builder_version=\u00a0\u00bb4.27.6&Prime; _module_preset=\u00a0\u00bb6132219f-01eb-4181-95eb-3e490f4bfd63&Prime; header_level=\u00a0\u00bbh5&Prime; image_icon_custom_padding=\u00a0\u00bb10px|14px|10px|14px|true|true\u00a0\u00bb global_colors_info=\u00a0\u00bb{}\u00a0\u00bb]<\/p>\n<p>Oui, contactez-nous directement pour toute demande de d\u00e9pannage sur Coutiches et ses environs.<\/p>\n<p>[\/et_pb_blurb][\/et_pb_column][\/et_pb_row][\/et_pb_section]<\/p>\n","protected":false},"excerpt":{"rendered":"<p>Vous recherchez un chauffagiste de confiance \u00e0 Coutiches ou dans les environs de la P\u00e9v\u00e8le ? Artisan Confort Chaud &amp; Froid vous accompagne dans tous vos projets de chauffage : installation, remplacement, d\u00e9pannage et entretien. Chaudi\u00e8res, pompes \u00e0 chaleur, chauffe-eau thermodynamiques&#8230; Notre \u00e9quipe de professionnels qualifi\u00e9s RGE vous propose des solutions adapt\u00e9es \u00e0 votre logement, [&hellip;]<\/p>\n","protected":false},"author":1,"featured_media":0,"parent":0,"menu_order":0,"comment_status":"closed","ping_status":"closed","template":"","meta":{"_et_pb_use_builder":"on","_et_pb_old_content":"","_et_gb_content_width":"","footnotes":""},"class_list":["post-178","page","type-page","status-publish","hentry"],"_links":{"self":[{"href":"https:\/\/polygraphics-crea.fr\/artisan-confort\/wp-json\/wp\/v2\/pages\/178","targetHints":{"allow":["GET"]}}],"collection":[{"href":"https:\/\/polygraphics-crea.fr\/artisan-confort\/wp-json\/wp\/v2\/pages"}],"about":[{"href":"https:\/\/polygraphics-crea.fr\/artisan-confort\/wp-json\/wp\/v2\/types\/page"}],"author":[{"embeddable":true,"href":"https:\/\/polygraphics-crea.fr\/artisan-confort\/wp-json\/wp\/v2\/users\/1"}],"replies":[{"embeddable":true,"href":"https:\/\/polygraphics-crea.fr\/artisan-confort\/wp-json\/wp\/v2\/comments?post=178"}],"version-history":[{"count":13,"href":"https:\/\/polygraphics-crea.fr\/artisan-confort\/wp-json\/wp\/v2\/pages\/178\/revisions"}],"predecessor-version":[{"id":277,"href":"https:\/\/polygraphics-crea.fr\/artisan-confort\/wp-json\/wp\/v2\/pages\/178\/revisions\/277"}],"wp:attachment":[{"href":"https:\/\/polygraphics-crea.fr\/artisan-confort\/wp-json\/wp\/v2\/media?parent=178"}],"curies":[{"name":"wp","href":"https:\/\/api.w.org\/{rel}","templated":true}]}}